{"id":5066,"date":"2025-10-16T09:51:21","date_gmt":"2025-10-16T09:51:21","guid":{"rendered":"https:\/\/www.mopskrasnystaw.pl\/?page_id=5066"},"modified":"2026-02-24T12:29:37","modified_gmt":"2026-02-24T12:29:37","slug":"opieka-wytchnieniowa-2026","status":"publish","type":"page","link":"https:\/\/www.mopskrasnystaw.pl\/?page_id=5066","title":{"rendered":"Opieka wytchnieniowa 2026"},"content":{"rendered":"\n<figure class=\"wp-block-image size-large is-resized\"><img loading=\"lazy\" src=\"https:\/\/www.mopskrasnystaw.pl\/wp-content\/uploads\/2024\/11\/001_13112024_121147-1-1024x208.jpg\" alt=\"\" class=\"wp-image-4854\" width=\"840\" height=\"170\" srcset=\"https:\/\/www.mopskrasnystaw.pl\/wp-content\/uploads\/2024\/11\/001_13112024_121147-1-1024x208.jpg 1024w, https:\/\/www.mopskrasnystaw.pl\/wp-content\/uploads\/2024\/11\/001_13112024_121147-1-300x61.jpg 300w, https:\/\/www.mopskrasnystaw.pl\/wp-content\/uploads\/2024\/11\/001_13112024_121147-1-768x156.jpg 768w, https:\/\/www.mopskrasnystaw.pl\/wp-content\/uploads\/2024\/11\/001_13112024_121147-1.jpg 1168w\" sizes=\"(max-width: 840px) 100vw, 840px\" \/><figcaption><strong>Program \u201eOpieka wytchnieniowa \u201d dla Jednostek Samorz\u0105du Terytorialnego &#8211; edycja 2026<\/strong><br><br>Miasto Krasnystaw informuje, \u017ce otrzyma\u0142o \u015brodki na realizacj\u0119 Programu Ministra Rodziny, Pracy i Polityki Spo\u0142ecznej \u201eOpieka wytchnieniowa\u201d<br>dla Jednostek Samorz\u0105du Terytorialnego \u2013 edycja 2026&nbsp; finansowanego<br>z Funduszu Solidarno\u015bciowego \u2013 pa\u0144stwowego funduszu celowego<br>w wysoko\u015bci:<br>Kwota dofinansowania:&nbsp; <strong>104&nbsp;009,40 z\u0142<\/strong><br>Ca\u0142kowita warto\u015b\u0107:&nbsp; <strong>104&nbsp;009,40 z\u0142<\/strong><br>&nbsp;<br>Program trwa <strong>od 01.01.2026 roku do 31.12.2026 roku<\/strong>.<br>&nbsp;<br>G\u0142\u00f3wnym celem Programu jest wsparcie cz\u0142onk\u00f3w rodzin lub opiekun\u00f3w sprawuj\u0105cych bezpo\u015bredni\u0105 opiek\u0119 nad:<br>1)&nbsp;&nbsp;&nbsp; dzie\u0107mi od uko\u0144czenia 2. roku \u017cycia do uko\u0144czenia 16. roku \u017cycia posiadaj\u0105cymi orzeczenie o niepe\u0142nosprawno\u015bci lub<br>2)&nbsp;&nbsp;&nbsp; osobami niepe\u0142nosprawnymi posiadaj\u0105cymi:<br>a)&nbsp;&nbsp;&nbsp;&nbsp; orzeczenie o znacznym stopniu niepe\u0142nosprawno\u015bci albo<br>b)&nbsp;&nbsp;&nbsp; orzeczenie traktowane na r\u00f3wni z orzeczeniem wymienionym<br>w lit. a, zgodnie z art. 5 i art. 62 ustawy z dnia 27 sierpnia 1997 r.<br>o rehabilitacji zawodowej i spo\u0142ecznej oraz zatrudnianiu os\u00f3b niepe\u0142nosprawnych<br>\u2013 poprzez umo\u017cliwienie uzyskania dora\u017anej, czasowej pomocy<br>w formie us\u0142ugi opieki wytchnieniowej, tj. odci\u0105\u017cenie<br>od codziennych obowi\u0105zk\u00f3w \u0142\u0105cz\u0105cych si\u0119 ze&nbsp; sprawowaniem opieki nad osob\u0105 z niepe\u0142nosprawno\u015bci\u0105 przez zapewnienie czasowego zast\u0119pstwa w tym zakresie. Dzi\u0119ki temu wsparciu, osoby zaanga\u017cowane, na co dzie\u0144 w sprawowanie opieki nad osob\u0105<br>z niepe\u0142nosprawno\u015bci\u0105 dysponowa\u0107 b\u0119d\u0105 czasem, kt\u00f3ry mog\u0105 przeznaczy\u0107 na odpoczynek&nbsp; i regeneracj\u0119, jak r\u00f3wnie\u017c na za\u0142atwienie niezb\u0119dnych spraw \u017cyciowych.<br>&nbsp;<br>Program b\u0119dzie realizowany w ramach pobytu dziennego w miejscu zamieszkania osoby z niepe\u0142nosprawno\u015bci\u0105.<br>Uczestnik Programu nie ponosi odp\u0142atno\u015bci za \u015bwiadczone us\u0142ugi opieki wytchnieniowej.<br><strong><br>Szczeg\u00f3\u0142owe informacje dotycz\u0105ce Programu dost\u0119pne s\u0105 na portalu:<\/strong><br><a href=\"https:\/\/niepelnosprawni.gov.pl\/program-fs\/nabor-wnioskow-w-ramach%20resortowego-programu-ministra-rodziny-pracy-i-polityki-spolecznej-opieka-wytchnieniowa-dla-jednostek-samorzadu-terytorialnego-edycja-2026\/\">https:\/\/niepelnosprawni.gov.pl\/program-fs\/nabor-wnioskow-w-ramach resortowego-programu-ministra-rodziny-pracy-i-polityki-spolecznej-opieka-wytchnieniowa-dla-jednostek-samorzadu-terytorialnego-edycja-2026\/<\/a><br><br><br><br><strong>Miasto Krasnystaw\/Miejski O\u015brodek Pomocy Spo\u0142ecznej w Krasnymstawie informuje, i\u017c w dniu 10.10.2025 r. Minister Rodziny, Pracy<br>i Polityki Spo\u0142ecznej og\u0142osi\u0142 nab\u00f3r wniosk\u00f3w na realizacj\u0119 Programu<br>\u201eOpieka wytchnieniowa\u201d dla Jednostek Samorz\u0105du Terytorialnego \u2212 edycja 2026 finansowanego ze \u015brodk\u00f3w Funduszu Solidarno\u015bciowego<\/strong><br>G\u0142\u00f3wnym celem Programu jest wsparcie cz\u0142onk\u00f3w rodzin lub opiekun\u00f3w sprawuj\u0105cych bezpo\u015bredni\u0105 opiek\u0119 nad:<br>dzie\u0107mi od uko\u0144czenia 2 roku \u017cycia do uko\u0144czenia 16 roku \u017cycia posiadaj\u0105cymi orzeczenie o niepe\u0142nosprawno\u015bci lub osobami niepe\u0142nosprawnymi posiadaj\u0105cymi:<br>orzeczenie o znacznym stopniu niepe\u0142nosprawno\u015bci albo orzeczenie traktowane na r\u00f3wni z orzeczeniem wymienionym w lit. a, zgodnie z art. 5 i&nbsp;art. 62 ustawy z dnia 27 sierpnia 1997 r. o rehabilitacji zawodowej i spo\u0142ecznej oraz zatrudnianiu os\u00f3b niepe\u0142nosprawnych.<br>&#8211; poprzez umo\u017cliwienie uzyskania dora\u017anej, czasowej pomocy w formie us\u0142ugi opieki wytchnieniowej, tj. odci\u0105\u017cenie od codziennych obowi\u0105zk\u00f3w \u0142\u0105cz\u0105cych si\u0119 ze&nbsp;sprawowaniem opieki nad osob\u0105 z niepe\u0142nosprawno\u015bci\u0105 przez zapewnienie czasowego zast\u0119pstwa w tym zakresie.<br>Dzi\u0119ki temu wsparciu, osoby zaanga\u017cowane na co dzie\u0144 w sprawowanie opieki nad osob\u0105 z&nbsp;niepe\u0142nosprawno\u015bci\u0105 dysponowa\u0107 b\u0119d\u0105 czasem, kt\u00f3ry mog\u0105 przeznaczy\u0107 na odpoczynek i&nbsp;regeneracj\u0119, jak r\u00f3wnie\u017c na za\u0142atwienie niezb\u0119dnych spraw \u017cyciowych.<br>Us\u0142ugi opieki wytchnieniowej mog\u0105 s\u0142u\u017cy\u0107 r\u00f3wnie\u017c okresowemu zabezpieczeniu potrzeb osoby z niepe\u0142nosprawno\u015bci\u0105 w sytuacji, gdy cz\u0142onkowie rodzin lub opiekunowie z r\u00f3\u017cnych powod\u00f3w nie b\u0119d\u0105 mogli wykonywa\u0107 swoich obowi\u0105zk\u00f3w.<br>Dzia\u0142ania w ramach Programu maj\u0105 zapewnia\u0107:<br>czasowe odci\u0105\u017cenie cz\u0142onk\u00f3w rodzin lub opiekun\u00f3w os\u00f3b z niepe\u0142nosprawno\u015bciami poprzez wsparcie ich w codziennych obowi\u0105zkach zwi\u0105zanych ze sprawowaniem opieki, a tym samym zapewnienie im czasu na odpoczynek i regeneracj\u0119, zadbanie o w\u0142asne sprawy zdrowotne.<br>W odniesieniu do rozwi\u0105za\u0144 systemowych:<br>wzmocnienie dotychczasowego systemu wsparcia poprzez \u015bwiadczenie us\u0142ug opieki wytchnieniowej dla cz\u0142onk\u00f3w rodzin lub opiekun\u00f3w sprawuj\u0105cych bezpo\u015bredni\u0105 opiek\u0119 nad dzie\u0107mi z&nbsp;orzeczon\u0105 niepe\u0142nosprawno\u015bci\u0105 lub osobami ze znacznym stopniem niepe\u0142nosprawno\u015bci\/osobami z orzeczeniem traktowanym na r\u00f3wni z orzeczeniem o znacznym stopniu niepe\u0142nosprawno\u015bci, wsparcie finansowe gminy w zakresie realizacji us\u0142ug opieki wytchnieniowej.<br>Us\u0142ugi opieki wytchnieniowej przys\u0142uguj\u0105 w przypadku zamieszkiwania cz\u0142onka rodziny<br>lub opiekuna we wsp\u00f3lnym gospodarstwie domowym z osob\u0105 z niepe\u0142nosprawno\u015bciami, kt\u00f3ra wymaga sta\u0142ej opieki w zakresie potrzeb \u017cycia codziennego.<br>W godzinach realizacji us\u0142ug opieki wytchnieniowej finansowanych ze \u015brodk\u00f3w funduszu,<br>nie mog\u0105 by\u0107 \u015bwiadczone us\u0142ugi opieku\u0144cze lub specjalistyczne us\u0142ugi opieku\u0144cze o kt\u00f3rych mowa w Ustawie z &nbsp;12.03.2004r. o pomocy spo\u0142ecznej , inne us\u0142ugi finansowane ze \u015brodk\u00f3w Funduszu albo finansowane przez Pa\u0144stwowy Fundusz Rehabilitacji Os\u00f3b Niepe\u0142nosprawnych lub us\u0142ugi obejmuj\u0105ce analogiczne wsparcie do us\u0142ug opieki wytchnieniowej &nbsp;finansowane ze \u015brodk\u00f3w publicznych.<br>Uczestnik Programu nie ponosi \u017cadnych koszt\u00f3w odp\u0142atno\u015bci za us\u0142ugi.<br>Us\u0142ugi opieki wytchnieniowej w ca\u0142o\u015bci finansowane s\u0105 z Funduszu Solidarno\u015bciowego.&nbsp;<br>Program b\u0119dzie realizowany do 31 grudnia 2026 roku.<br>&nbsp;<br>Szczeg\u00f3\u0142owe informacje o Programie dost\u0119pne s\u0105 na stronie:<br><a href=\"https:\/\/niepelnosprawni.gov.pl\/program-fs\/nabor-wnioskow-w-ramach-resortowego-programu-ministra-rodziny-pracy-i-polityki-spolecznej-opieka-wytchnieniowa-dla-jednostek-samorzadu-terytorialnego-edycja-2026\/\">https:\/\/niepelnosprawni.gov.pl\/program-fs\/nabor-wnioskow-w-ramach-resortowego-programu-ministra-rodziny-pracy-i-polityki-spolecznej-opieka-wytchnieniowa-dla-jednostek-samorzadu-terytorialnego-edycja-2026\/<\/a><br><a href=\"https:\/\/www.gov.pl\/web\/rodzina\/nabor-wnioskow-w-ramach-resortowego-programu-ministra-rodziny-pracy-i-polityki-spolecznej-opieka-wytchnieniowa-dla-jednostek-samorzadu-terytorialnego--edycja-2026\">https:\/\/www.gov.pl\/web\/rodzina\/nabor-wnioskow-w-ramach-resortowego-programu-ministra-rodziny-pracy-i-polityki-spolecznej-opieka-wytchnieniowa-dla-jednostek-samorzadu-terytorialnego&#8211;edycja-2026<\/a><\/figcaption><\/figure>\n\n\n\n<figure class=\"wp-block-image size-full\"><img loading=\"lazy\" width=\"633\" height=\"828\" src=\"https:\/\/www.mopskrasnystaw.pl\/wp-content\/uploads\/2026\/02\/001_24022026_131933.jpg\" alt=\"\" class=\"wp-image-5183\" srcset=\"https:\/\/www.mopskrasnystaw.pl\/wp-content\/uploads\/2026\/02\/001_24022026_131933.jpg 633w, https:\/\/www.mopskrasnystaw.pl\/wp-content\/uploads\/2026\/02\/001_24022026_131933-229x300.jpg 229w\" sizes=\"(max-width: 633px) 100vw, 633px\" \/><\/figure>\n","protected":false},"excerpt":{"rendered":"","protected":false},"author":3,"featured_media":0,"parent":0,"menu_order":0,"comment_status":"closed","ping_status":"closed","template":"","meta":[],"yoast_head":"<!-- This site is optimized with the Yoast SEO plugin v19.0 - https:\/\/yoast.com\/wordpress\/plugins\/seo\/ -->\n<title>Opieka wytchnieniowa 2026 - MOPS Krasnystaw<\/title>\n<meta name=\"robots\" content=\"index, follow, max-snippet:-1, max-image-preview:large, max-video-preview:-1\" \/>\n<link rel=\"canonical\" href=\"https:\/\/www.mopskrasnystaw.pl\/?page_id=5066\" \/>\n<meta property=\"og:locale\" content=\"pl_PL\" \/>\n<meta property=\"og:type\" content=\"article\" \/>\n<meta property=\"og:title\" content=\"Opieka wytchnieniowa 2026 - MOPS Krasnystaw\" \/>\n<meta property=\"og:url\" content=\"https:\/\/www.mopskrasnystaw.pl\/?page_id=5066\" \/>\n<meta property=\"og:site_name\" content=\"MOPS Krasnystaw\" \/>\n<meta property=\"article:modified_time\" content=\"2026-02-24T12:29:37+00:00\" \/>\n<meta property=\"og:image\" content=\"https:\/\/www.mopskrasnystaw.pl\/wp-content\/uploads\/2024\/11\/001_13112024_121147-1-1024x208.jpg\" \/>\n<meta name=\"twitter:card\" content=\"summary_large_image\" \/>\n<meta name=\"twitter:label1\" content=\"Szacowany czas czytania\" \/>\n\t<meta name=\"twitter:data1\" content=\"5 minut\" \/>\n<script type=\"application\/ld+json\" class=\"yoast-schema-graph\">{\"@context\":\"https:\/\/schema.org\",\"@graph\":[{\"@type\":\"WebSite\",\"@id\":\"https:\/\/www.mopskrasnystaw.pl\/#website\",\"url\":\"https:\/\/www.mopskrasnystaw.pl\/\",\"name\":\"MOPS Krasnystaw\",\"description\":\"\",\"potentialAction\":[{\"@type\":\"SearchAction\",\"target\":{\"@type\":\"EntryPoint\",\"urlTemplate\":\"https:\/\/www.mopskrasnystaw.pl\/?s={search_term_string}\"},\"query-input\":\"required name=search_term_string\"}],\"inLanguage\":\"pl-PL\"},{\"@type\":\"ImageObject\",\"inLanguage\":\"pl-PL\",\"@id\":\"https:\/\/www.mopskrasnystaw.pl\/?page_id=5066#primaryimage\",\"url\":\"https:\/\/www.mopskrasnystaw.pl\/wp-content\/uploads\/2024\/11\/001_13112024_121147-1.jpg\",\"contentUrl\":\"https:\/\/www.mopskrasnystaw.pl\/wp-content\/uploads\/2024\/11\/001_13112024_121147-1.jpg\",\"width\":1168,\"height\":237},{\"@type\":\"WebPage\",\"@id\":\"https:\/\/www.mopskrasnystaw.pl\/?page_id=5066#webpage\",\"url\":\"https:\/\/www.mopskrasnystaw.pl\/?page_id=5066\",\"name\":\"Opieka wytchnieniowa 2026 - MOPS Krasnystaw\",\"isPartOf\":{\"@id\":\"https:\/\/www.mopskrasnystaw.pl\/#website\"},\"primaryImageOfPage\":{\"@id\":\"https:\/\/www.mopskrasnystaw.pl\/?page_id=5066#primaryimage\"},\"datePublished\":\"2025-10-16T09:51:21+00:00\",\"dateModified\":\"2026-02-24T12:29:37+00:00\",\"breadcrumb\":{\"@id\":\"https:\/\/www.mopskrasnystaw.pl\/?page_id=5066#breadcrumb\"},\"inLanguage\":\"pl-PL\",\"potentialAction\":[{\"@type\":\"ReadAction\",\"target\":[\"https:\/\/www.mopskrasnystaw.pl\/?page_id=5066\"]}]},{\"@type\":\"BreadcrumbList\",\"@id\":\"https:\/\/www.mopskrasnystaw.pl\/?page_id=5066#breadcrumb\",\"itemListElement\":[{\"@type\":\"ListItem\",\"position\":1,\"name\":\"Strona g\u0142\u00f3wna\",\"item\":\"https:\/\/www.mopskrasnystaw.pl\/\"},{\"@type\":\"ListItem\",\"position\":2,\"name\":\"Opieka wytchnieniowa 2026\"}]}]}<\/script>\n<!-- \/ Yoast SEO plugin. -->","yoast_head_json":{"title":"Opieka wytchnieniowa 2026 - MOPS Krasnystaw","robots":{"index":"index","follow":"follow","max-snippet":"max-snippet:-1","max-image-preview":"max-image-preview:large","max-video-preview":"max-video-preview:-1"},"canonical":"https:\/\/www.mopskrasnystaw.pl\/?page_id=5066","og_locale":"pl_PL","og_type":"article","og_title":"Opieka wytchnieniowa 2026 - MOPS Krasnystaw","og_url":"https:\/\/www.mopskrasnystaw.pl\/?page_id=5066","og_site_name":"MOPS Krasnystaw","article_modified_time":"2026-02-24T12:29:37+00:00","og_image":[{"url":"https:\/\/www.mopskrasnystaw.pl\/wp-content\/uploads\/2024\/11\/001_13112024_121147-1-1024x208.jpg"}],"twitter_card":"summary_large_image","twitter_misc":{"Szacowany czas czytania":"5 minut"},"schema":{"@context":"https:\/\/schema.org","@graph":[{"@type":"WebSite","@id":"https:\/\/www.mopskrasnystaw.pl\/#website","url":"https:\/\/www.mopskrasnystaw.pl\/","name":"MOPS Krasnystaw","description":"","potentialAction":[{"@type":"SearchAction","target":{"@type":"EntryPoint","urlTemplate":"https:\/\/www.mopskrasnystaw.pl\/?s={search_term_string}"},"query-input":"required name=search_term_string"}],"inLanguage":"pl-PL"},{"@type":"ImageObject","inLanguage":"pl-PL","@id":"https:\/\/www.mopskrasnystaw.pl\/?page_id=5066#primaryimage","url":"https:\/\/www.mopskrasnystaw.pl\/wp-content\/uploads\/2024\/11\/001_13112024_121147-1.jpg","contentUrl":"https:\/\/www.mopskrasnystaw.pl\/wp-content\/uploads\/2024\/11\/001_13112024_121147-1.jpg","width":1168,"height":237},{"@type":"WebPage","@id":"https:\/\/www.mopskrasnystaw.pl\/?page_id=5066#webpage","url":"https:\/\/www.mopskrasnystaw.pl\/?page_id=5066","name":"Opieka wytchnieniowa 2026 - MOPS Krasnystaw","isPartOf":{"@id":"https:\/\/www.mopskrasnystaw.pl\/#website"},"primaryImageOfPage":{"@id":"https:\/\/www.mopskrasnystaw.pl\/?page_id=5066#primaryimage"},"datePublished":"2025-10-16T09:51:21+00:00","dateModified":"2026-02-24T12:29:37+00:00","breadcrumb":{"@id":"https:\/\/www.mopskrasnystaw.pl\/?page_id=5066#breadcrumb"},"inLanguage":"pl-PL","potentialAction":[{"@type":"ReadAction","target":["https:\/\/www.mopskrasnystaw.pl\/?page_id=5066"]}]},{"@type":"BreadcrumbList","@id":"https:\/\/www.mopskrasnystaw.pl\/?page_id=5066#breadcrumb","itemListElement":[{"@type":"ListItem","position":1,"name":"Strona g\u0142\u00f3wna","item":"https:\/\/www.mopskrasnystaw.pl\/"},{"@type":"ListItem","position":2,"name":"Opieka wytchnieniowa 2026"}]}]}},"_links":{"self":[{"href":"https:\/\/www.mopskrasnystaw.pl\/index.php?rest_route=\/wp\/v2\/pages\/5066"}],"collection":[{"href":"https:\/\/www.mopskrasnystaw.pl\/index.php?rest_route=\/wp\/v2\/pages"}],"about":[{"href":"https:\/\/www.mopskrasnystaw.pl\/index.php?rest_route=\/wp\/v2\/types\/page"}],"author":[{"embeddable":true,"href":"https:\/\/www.mopskrasnystaw.pl\/index.php?rest_route=\/wp\/v2\/users\/3"}],"replies":[{"embeddable":true,"href":"https:\/\/www.mopskrasnystaw.pl\/index.php?rest_route=%2Fwp%2Fv2%2Fcomments&post=5066"}],"version-history":[{"count":3,"href":"https:\/\/www.mopskrasnystaw.pl\/index.php?rest_route=\/wp\/v2\/pages\/5066\/revisions"}],"predecessor-version":[{"id":5184,"href":"https:\/\/www.mopskrasnystaw.pl\/index.php?rest_route=\/wp\/v2\/pages\/5066\/revisions\/5184"}],"wp:attachment":[{"href":"https:\/\/www.mopskrasnystaw.pl\/index.php?rest_route=%2Fwp%2Fv2%2Fmedia&parent=5066"}],"curies":[{"name":"wp","href":"https:\/\/api.w.org\/{rel}","templated":true}]}}