{"id":5005,"date":"2025-09-01T08:38:01","date_gmt":"2025-09-01T08:38:01","guid":{"rendered":"https:\/\/www.mopskrasnystaw.pl\/?page_id=5005"},"modified":"2026-02-03T09:39:03","modified_gmt":"2026-02-03T09:39:03","slug":"asystent-osobisty-osoby-niepelnosprawnej-2026","status":"publish","type":"page","link":"https:\/\/www.mopskrasnystaw.pl\/?page_id=5005","title":{"rendered":"\u201eAsystent osobisty osoby z niepe\u0142nosprawno\u015bci\u0105\u201d dla Jednostek Samorz\u0105du Terytorialnego \u2013 edycja 2026"},"content":{"rendered":"<div class=\"wp-block-image\">\n<figure class=\"aligncenter size-full\"><img loading=\"lazy\" width=\"542\" height=\"89\" src=\"https:\/\/www.mopskrasnystaw.pl\/wp-content\/uploads\/2025\/09\/001_01092025_114251.jpg\" alt=\"\" class=\"wp-image-5011\" srcset=\"https:\/\/www.mopskrasnystaw.pl\/wp-content\/uploads\/2025\/09\/001_01092025_114251.jpg 542w, https:\/\/www.mopskrasnystaw.pl\/wp-content\/uploads\/2025\/09\/001_01092025_114251-300x49.jpg 300w\" sizes=\"(max-width: 542px) 100vw, 542px\" \/><\/figure><\/div>\n\n\n<p><strong>Program \u201eAsystent osobisty osoby z niepe\u0142nosprawno\u015bci\u0105\u201d dla Jednostek Samorz\u0105du Terytorialnego \u2013 edycja 2026<\/strong><\/p>\n\n\n\n<p>Miejski O\u015brodek Pomocy Spo\u0142ecznej w Krasnymstawie, informuje, \u017ce w dniu 14 sierpnia 2025 r. Minister Rodziny, Pracy i Polityki Spo\u0142ecznej og\u0142osi\u0142 <strong>nab\u00f3r wniosk\u00f3w do Programu<\/strong> \u201e<strong>Asystent osobisty osoby z niepe\u0142nosprawno\u015bci\u0105<\/strong>\u201e<strong> dla Jednostek Samorz\u0105du<\/strong> <strong>Terytorialnego \u2013 edycja 2026. <\/strong>Program realizowany jest ze \u015brodk\u00f3w Solidarno\u015bciowego Funduszu Wsparcia Os\u00f3b Niepe\u0142nosprawnych. Miasto Krasnystaw planuje przyst\u0105pienie do w\/w Programu w 2026 roku.<\/p>\n\n\n\n<p>Na realizacj\u0119 Programu Minister przeznaczy\u0142 kwot\u0119 1103873000 z\u0142 (s\u0142ownie: jeden miliard sto trzy miliony osiemset siedemdziesi\u0105t trzy tysi\u0105ce z\u0142otych).<\/p>\n\n\n\n<p><strong>Cele i adresaci Programu<\/strong><\/p>\n\n\n\n<p><strong>G\u0142\u00f3wnym celem programu jest wprowadzenie us\u0142ug asystencji osobistej dla os\u00f3b z&nbsp;niepe\u0142nosprawno\u015bci\u0105 jako formy og\u00f3lnodost\u0119pnego wsparcia w&nbsp;wykonywaniu codziennych czynno\u015bci oraz funkcjonowaniu w&nbsp;\u017cyciu spo\u0142ecznym.<\/strong><\/p>\n\n\n\n<p><strong>Adresatami&nbsp;programu s\u0105:<\/strong><\/p>\n\n\n\n<ol type=\"1\"><li>dzieci od uko\u0144czenia 2. roku \u017cycia do&nbsp;uko\u0144czenia 16. roku \u017cycia posiadaj\u0105ce orzeczenie o&nbsp;niepe\u0142nosprawno\u015bci \u0142\u0105cznie ze wskazaniami w&nbsp;pkt 7 i&nbsp;8 w&nbsp;orzeczeniu<br>o niepe\u0142nosprawno\u015bci \u2013 konieczno\u015bci sta\u0142ej lub d\u0142ugotrwa\u0142ej opieki lub pomocy innej osoby w&nbsp;zwi\u0105zku ze znacznie ograniczon\u0105 mo\u017cliwo\u015bci\u0105 samodzielnej egzystencji oraz konieczno\u015bci sta\u0142ego wsp\u00f3\u0142udzia\u0142u na&nbsp;co dzie\u0144 opiekuna dziecka w&nbsp;procesie jego leczenia, rehabilitacji i&nbsp;edukacji oraz<\/li><li>osoby z&nbsp;niepe\u0142nosprawno\u015bciami posiadaj\u0105cym orzeczenie: \u2013 o znacznym stopniu niepe\u0142nosprawno\u015bci \u2013 albo o umiarkowanym stopniu niepe\u0142nosprawno\u015bci albo<br>\u2013 traktowane na&nbsp;r\u00f3wni z&nbsp;orzeczeniami wymienionymi w&nbsp;lit. a&nbsp;i b, zgodnie z&nbsp;art. 5 i&nbsp;art. 62 ustawy z&nbsp;dnia 27 sierpnia 1997 r. o&nbsp;rehabilitacji zawodowej i&nbsp;spo\u0142ecznej oraz zatrudnianiu os\u00f3b niepe\u0142nosprawnych (Dz. U. z&nbsp;2025 r. poz. 913).<\/li><\/ol>\n\n\n\n<p><strong>Us\u0142ugi asystencji osobistej b\u0119d\u0105 polega\u0107 na wspieraniu przez asystenta osoby niepe\u0142nosprawnej w r\u00f3\u017cnych sferach \u017cycia, w tym:<\/strong><\/p>\n\n\n\n<ol type=\"1\"><li>wsparcia uczestnika w czynno\u015bciach samoobs\u0142ugowych, w tym utrzymaniu higieny osobistej;<\/li><li>wsparcia uczestnika w prowadzeniu gospodarstwa domowego i wype\u0142nianiu r\u00f3l<br>w rodzinie;<\/li><li>wsparcia uczestnika w przemieszczaniu si\u0119 poza miejscem zamieszkania;<\/li><li>wsparcia uczestnika w podejmowaniu aktywno\u015bci \u017cyciowej i komunikowaniu<br>si\u0119 z otoczeniem.<\/li><\/ol>\n\n\n\n<p><strong>Przyznaj\u0105c us\u0142ugi asystencji osobistej, w pierwszej kolejno\u015bci b\u0119d\u0105 uwzgl\u0119dniane potrzeby:<\/strong><\/p>\n\n\n\n<ol type=\"1\"><li>os\u00f3b z niepe\u0142nosprawno\u015bciami samotnie zamieszkuj\u0105cych i gospodaruj\u0105cych, kt\u00f3re nie korzystaj\u0105 ze wsparcia innych os\u00f3b;<\/li><li>os\u00f3b z niepe\u0142nosprawno\u015bciami wsp\u00f3lnie zamieszkuj\u0105cych i gospodaruj\u0105cych, jednocze\u015bnie spe\u0142niaj\u0105cych warunki, o kt\u00f3rych mowa w cz\u0119\u015bci III ust. 2 Programu i nie maj\u0105cych mo\u017cliwo\u015bci wzajemnego wsparcia, ani kt\u00f3re nie korzystaj\u0105 ze wsparcia innych os\u00f3b;<\/li><li>os\u00f3b z niepe\u0142nosprawno\u015bciami, o kt\u00f3rych mowa w cz\u0119\u015bci III ust. 2 Programu, kt\u00f3re przebywaj\u0105 w rodzinnej pieczy zast\u0119pczej w rozumieniu ustawy z dnia 9 czerwca 2011 r. o wspieraniu rodziny i systemie pieczy zast\u0119pczej (Dz. U. z 2025 r. poz. 49), tj.: dzieci<br>i os\u00f3b przebywaj\u0105cych w rodzinach zast\u0119pczych (spokrewnionych, niezawodowych lub zawodowych) lub w rodzinnych domach dziecka na zasadach okre\u015blonych w art. 37 ust. 1-6 tej ustawy;<\/li><li>os\u00f3b z niepe\u0142nosprawno\u015bciami, o kt\u00f3rych mowa w cz\u0119\u015bci III ust. 2 Programu, kt\u00f3re przebywaj\u0105 w plac\u00f3wkach opieku\u0144czo-wychowawczych typu rodzinnego<br>w rozumieniu ustawy z dnia 9 czerwca 2011 r. o wspieraniu rodziny i systemie pieczy zast\u0119pczej, tj.: dzieci i os\u00f3b przebywaj\u0105cych w tych plac\u00f3wkach na zasadach okre\u015blonych w art. 37 ust. 1-6 tej ustawy, o ile wy\u0142\u0105czn\u0105 opiek\u0119 nad nimi<br>w tej plac\u00f3wce sprawuj\u0105 ma\u0142\u017conkowie lub osoba niepozostaj\u0105ca w zwi\u0105zku ma\u0142\u017ce\u0144skim.<\/li><\/ol>\n\n\n\n<p><strong>Osoby zainteresowane lub ich opiekunowie mog\u0105 uzyska\u0107 szczeg\u00f3\u0142owe informacje<br>u pracownika Miejskiego O\u015brodka Pomocy Spo\u0142ecznej w Krasnymstawie ul. Pi\u0142sudskiego 9, &nbsp;tel. 82&nbsp;576 23 24 wew. 107, <a href=\"mailto:poczta@mopskrasnystaw.pl\">poczta@mopskrasnystaw.pl<\/a> w godzinach pracy O\u015brodka.<\/strong><\/p>\n\n\n\n<p><strong>Prosimy o zg\u0142oszenie si\u0119 os\u00f3b zainteresowanych udzia\u0142em w Programie AOON \u2013 edycja 2026 w&nbsp;terminie do 08.09.2025 r. w celu dokonania diagnozy potrzeb.<\/strong><\/p>\n\n\n\n<p>Jednocze\u015bnie informujemy, \u017ce wyra\u017cona przez Pa\u0144stwa ch\u0119\u0107 udzia\u0142u w&nbsp;Programie \u201eAsystent osobisty osoby z&nbsp;niepe\u0142nosprawno\u015bci\u0105\u201d dla Jednostek Samorz\u0105du Terytorialnego \u2013 edycja 2026, w&nbsp;ramach prowadzonej diagnozy spo\u0142ecznej \u2013&nbsp;nie jest zg\u0142oszeniem do Programu.<\/p>\n\n\n\n<p>Og\u0142oszenie o&nbsp;naborze wniosk\u00f3w oraz Program wraz z&nbsp;za\u0142\u0105cznikami dost\u0119pne s\u0105&nbsp;pod adresem:<\/p>\n\n\n\n<p><a href=\"https:\/\/niepelnosprawni.gov.pl\/program-fs\/nabor-wnioskow-w-ramach-resortowego-programu-ministra-rodziny-pracy-i-polityki-spolecznej-asystent-osobisty-osoby-z-niepelnosprawnoscia-dla-jednostek-samorzadu-terytorialnego\/\">https:\/\/niepelnosprawni.gov.pl\/program-fs\/nabor-wnioskow-w-ramach-resortowego-programu-ministra-rodziny-pracy-i-polityki-spolecznej-asystent-osobisty-osoby-z-niepelnosprawnoscia-dla-jednostek-samorzadu-terytorialnego\/<\/a><\/p>\n\n\n\n<p>Miasto Krasnystaw informuje, \u017ce otrzyma\u0142o \u015brodki na realizacj\u0119 Programu Ministra Rodziny, Pracy i Polityki Spo\u0142ecznej <strong>\u201eAsystent osobisty osoby z niepe\u0142nosprawno\u015bci\u0105\u201d<\/strong><br>dla Jednostek Samorz\u0105du Terytorialnego \u2013 edycja 2026&nbsp; finansowanego z Funduszu Solidarno\u015bciowego \u2013 pa\u0144stwowego funduszu celowego w wysoko\u015bci:<\/p>\n\n\n\n<p>Kwota dofinansowania:&nbsp; <strong>1&nbsp;020 000,00 z\u0142.<\/strong><\/p>\n\n\n\n<p>Ca\u0142kowita warto\u015b\u0107:&nbsp; <strong>1&nbsp;020 000,00 z\u0142.<\/strong><\/p>\n\n\n\n<p>Program trwa <strong>od 01.01.2026 r. do 31.12.2026 r<\/strong>.<\/p>\n\n\n\n<p>G\u0142\u00f3wnym celem Programu jest wprowadzenie us\u0142ug asystencji osobistej<br>jako formy og\u00f3lnodost\u0119pnego wsparcia w wykonywaniu codziennych czynno\u015bci oraz funkcjonowaniu w \u017cyciu spo\u0142ecznym dla uczestnik\u00f3w Programu:<\/p>\n\n\n\n<ol type=\"1\"><li>dzieci od uko\u0144czenia 2. roku \u017cycia do&nbsp;uko\u0144czenia 16.&nbsp;roku \u017cycia posiadaj\u0105ce orzeczenie o niepe\u0142nosprawno\u015bci \u0142\u0105cznie ze wskazaniami w pkt 7 i 8 orzeczenia<br>o niepe\u0142nosprawno\u015bci \u2013 konieczno\u015bci sta\u0142ej lub d\u0142ugotrwa\u0142ej opieki lub pomocy innej osoby w zwi\u0105zku ze znacznie ograniczon\u0105 mo\u017cliwo\u015bci\u0105 samodzielnej egzystencji oraz konieczno\u015bci sta\u0142ego wsp\u00f3\u0142udzia\u0142u na co dzie\u0144 opiekuna dziecka w procesie jego leczenia, rehabilitacji i edukacji oraz<\/li><li>osoby z niepe\u0142nosprawno\u015bciami posiadaj\u0105ce orzeczenie:<br>a) o znacznym stopniu niepe\u0142nosprawno\u015bci albo<br>b) traktowane na r\u00f3wni z orzeczeniami wymienionymi w lit. a i b zgodnie z art. 5 i art. 62 ustawy z dnia 27 sierpnia 1997 r. o rehabilitacji zawodowej i spo\u0142ecznej oraz zatrudnianiu os\u00f3b niepe\u0142nosprawnych.<\/li><\/ol>\n\n\n\n<p><strong>Us\u0142ugi asystencji osobistej polegaj\u0105 w szczeg\u00f3lno\u015bci na wspieraniu przez asystenta osoby<br>z niepe\u0142nosprawno\u015bci\u0105 w r\u00f3\u017cnych sferach \u017cycia, w tym:<\/strong><\/p>\n\n\n\n<ol type=\"1\"><li>wsparciu uczestnika w czynno\u015bciach samoobs\u0142ugowych, w tym utrzymaniu higieny osobistej;<\/li><li>wsparcie uczestnika w prowadzeniu gospodarstwa domowego i wype\u0142nianiu r\u00f3l<br>w rodzinie;<\/li><li>wsparciu uczestnika w przemieszczaniu si\u0119 poza miejscem zamieszkania;<\/li><li>wsparciu uczestnika w podejmowaniu aktywno\u015bci \u017cyciowej i komunikowaniu<br>si\u0119 z otoczeniem.<\/li><\/ol>\n\n\n\n<p>Za us\u0142ugi asystencji osobistej Uczestnik Programu nie ponosi odp\u0142atno\u015bci.<\/p>\n\n\n\n<p>Wi\u0119cej informacji:<br><a href=\"https:\/\/niepelnosprawni.gov.pl\/program-fs\/nabor-wnioskow-w-ramach-resortowego-programu-ministra-rodziny-pracy-i-polityki-spolecznej-asystent-osobisty-osoby-z-niepelnosprawnoscia-dla-jednostek-samorzadu-terytorialnego\/\">https:\/\/niepelnosprawni.gov.pl\/program-fs\/nabor-wnioskow-w-ramach-resortowego-programu-ministra-rodziny-pracy-i-polityki-spolecznej-asystent-osobisty-osoby-z-niepelnosprawnoscia-dla-jednostek-samorzadu-terytorialnego\/<\/a><\/p>\n\n\n\n<figure class=\"wp-block-image size-full\"><img loading=\"lazy\" width=\"619\" height=\"834\" src=\"https:\/\/www.mopskrasnystaw.pl\/wp-content\/uploads\/2026\/02\/001_03022026_103832.jpg\" alt=\"\" class=\"wp-image-5157\" srcset=\"https:\/\/www.mopskrasnystaw.pl\/wp-content\/uploads\/2026\/02\/001_03022026_103832.jpg 619w, https:\/\/www.mopskrasnystaw.pl\/wp-content\/uploads\/2026\/02\/001_03022026_103832-223x300.jpg 223w\" sizes=\"(max-width: 619px) 100vw, 619px\" \/><\/figure>\n","protected":false},"excerpt":{"rendered":"<p>Program \u201eAsystent osobisty osoby z niepe\u0142nosprawno\u015bci\u0105\u201d dla Jednostek Samorz\u0105du Terytorialnego \u2013 edycja 2026 Miejski O\u015brodek Pomocy Spo\u0142ecznej w Krasnymstawie, informuje, \u017ce w dniu 14 sierpnia 2025 r. Minister Rodziny, Pracy i Polityki Spo\u0142ecznej og\u0142osi\u0142 nab\u00f3r wniosk\u00f3w do Programu \u201eAsystent osobisty osoby z niepe\u0142nosprawno\u015bci\u0105\u201e dla Jednostek Samorz\u0105du Terytorialnego \u2013 edycja 2026. Program realizowany jest ze \u015brodk\u00f3w [&hellip;]<\/p>\n","protected":false},"author":3,"featured_media":0,"parent":0,"menu_order":0,"comment_status":"closed","ping_status":"closed","template":"","meta":[],"yoast_head":"<!-- This site is optimized with the Yoast SEO plugin v19.0 - https:\/\/yoast.com\/wordpress\/plugins\/seo\/ -->\n<title>\u201eAsystent osobisty osoby z niepe\u0142nosprawno\u015bci\u0105\u201d dla Jednostek Samorz\u0105du Terytorialnego \u2013 edycja 2026 - MOPS Krasnystaw<\/title>\n<meta name=\"robots\" content=\"index, follow, max-snippet:-1, max-image-preview:large, max-video-preview:-1\" \/>\n<link rel=\"canonical\" href=\"https:\/\/www.mopskrasnystaw.pl\/?page_id=5005\" \/>\n<meta property=\"og:locale\" content=\"pl_PL\" \/>\n<meta property=\"og:type\" content=\"article\" \/>\n<meta property=\"og:title\" content=\"\u201eAsystent osobisty osoby z niepe\u0142nosprawno\u015bci\u0105\u201d dla Jednostek Samorz\u0105du Terytorialnego \u2013 edycja 2026 - MOPS Krasnystaw\" \/>\n<meta property=\"og:description\" content=\"Program \u201eAsystent osobisty osoby z niepe\u0142nosprawno\u015bci\u0105\u201d dla Jednostek Samorz\u0105du Terytorialnego \u2013 edycja 2026 Miejski O\u015brodek Pomocy Spo\u0142ecznej w Krasnymstawie, informuje, \u017ce w dniu 14 sierpnia 2025 r. Minister Rodziny, Pracy i Polityki Spo\u0142ecznej og\u0142osi\u0142 nab\u00f3r wniosk\u00f3w do Programu \u201eAsystent osobisty osoby z niepe\u0142nosprawno\u015bci\u0105\u201e dla Jednostek Samorz\u0105du Terytorialnego \u2013 edycja 2026. Program realizowany jest ze \u015brodk\u00f3w [&hellip;]\" \/>\n<meta property=\"og:url\" content=\"https:\/\/www.mopskrasnystaw.pl\/?page_id=5005\" \/>\n<meta property=\"og:site_name\" content=\"MOPS Krasnystaw\" \/>\n<meta property=\"article:modified_time\" content=\"2026-02-03T09:39:03+00:00\" \/>\n<meta property=\"og:image\" content=\"https:\/\/www.mopskrasnystaw.pl\/wp-content\/uploads\/2025\/09\/001_01092025_114251.jpg\" \/>\n<meta name=\"twitter:card\" content=\"summary_large_image\" \/>\n<meta name=\"twitter:label1\" content=\"Szacowany czas czytania\" \/>\n\t<meta name=\"twitter:data1\" content=\"6 minut\" \/>\n<script type=\"application\/ld+json\" class=\"yoast-schema-graph\">{\"@context\":\"https:\/\/schema.org\",\"@graph\":[{\"@type\":\"WebSite\",\"@id\":\"https:\/\/www.mopskrasnystaw.pl\/#website\",\"url\":\"https:\/\/www.mopskrasnystaw.pl\/\",\"name\":\"MOPS Krasnystaw\",\"description\":\"\",\"potentialAction\":[{\"@type\":\"SearchAction\",\"target\":{\"@type\":\"EntryPoint\",\"urlTemplate\":\"https:\/\/www.mopskrasnystaw.pl\/?s={search_term_string}\"},\"query-input\":\"required name=search_term_string\"}],\"inLanguage\":\"pl-PL\"},{\"@type\":\"ImageObject\",\"inLanguage\":\"pl-PL\",\"@id\":\"https:\/\/www.mopskrasnystaw.pl\/?page_id=5005#primaryimage\",\"url\":\"https:\/\/www.mopskrasnystaw.pl\/wp-content\/uploads\/2025\/09\/001_01092025_114251.jpg\",\"contentUrl\":\"https:\/\/www.mopskrasnystaw.pl\/wp-content\/uploads\/2025\/09\/001_01092025_114251.jpg\",\"width\":542,\"height\":89},{\"@type\":\"WebPage\",\"@id\":\"https:\/\/www.mopskrasnystaw.pl\/?page_id=5005#webpage\",\"url\":\"https:\/\/www.mopskrasnystaw.pl\/?page_id=5005\",\"name\":\"\u201eAsystent osobisty osoby z niepe\u0142nosprawno\u015bci\u0105\u201d dla Jednostek Samorz\u0105du Terytorialnego \u2013 edycja 2026 - MOPS Krasnystaw\",\"isPartOf\":{\"@id\":\"https:\/\/www.mopskrasnystaw.pl\/#website\"},\"primaryImageOfPage\":{\"@id\":\"https:\/\/www.mopskrasnystaw.pl\/?page_id=5005#primaryimage\"},\"datePublished\":\"2025-09-01T08:38:01+00:00\",\"dateModified\":\"2026-02-03T09:39:03+00:00\",\"breadcrumb\":{\"@id\":\"https:\/\/www.mopskrasnystaw.pl\/?page_id=5005#breadcrumb\"},\"inLanguage\":\"pl-PL\",\"potentialAction\":[{\"@type\":\"ReadAction\",\"target\":[\"https:\/\/www.mopskrasnystaw.pl\/?page_id=5005\"]}]},{\"@type\":\"BreadcrumbList\",\"@id\":\"https:\/\/www.mopskrasnystaw.pl\/?page_id=5005#breadcrumb\",\"itemListElement\":[{\"@type\":\"ListItem\",\"position\":1,\"name\":\"Strona g\u0142\u00f3wna\",\"item\":\"https:\/\/www.mopskrasnystaw.pl\/\"},{\"@type\":\"ListItem\",\"position\":2,\"name\":\"\u201eAsystent osobisty osoby z niepe\u0142nosprawno\u015bci\u0105\u201d dla Jednostek Samorz\u0105du Terytorialnego \u2013 edycja 2026\"}]}]}<\/script>\n<!-- \/ Yoast SEO plugin. -->","yoast_head_json":{"title":"\u201eAsystent osobisty osoby z niepe\u0142nosprawno\u015bci\u0105\u201d dla Jednostek Samorz\u0105du Terytorialnego \u2013 edycja 2026 - MOPS Krasnystaw","robots":{"index":"index","follow":"follow","max-snippet":"max-snippet:-1","max-image-preview":"max-image-preview:large","max-video-preview":"max-video-preview:-1"},"canonical":"https:\/\/www.mopskrasnystaw.pl\/?page_id=5005","og_locale":"pl_PL","og_type":"article","og_title":"\u201eAsystent osobisty osoby z niepe\u0142nosprawno\u015bci\u0105\u201d dla Jednostek Samorz\u0105du Terytorialnego \u2013 edycja 2026 - MOPS Krasnystaw","og_description":"Program \u201eAsystent osobisty osoby z niepe\u0142nosprawno\u015bci\u0105\u201d dla Jednostek Samorz\u0105du Terytorialnego \u2013 edycja 2026 Miejski O\u015brodek Pomocy Spo\u0142ecznej w Krasnymstawie, informuje, \u017ce w dniu 14 sierpnia 2025 r. Minister Rodziny, Pracy i Polityki Spo\u0142ecznej og\u0142osi\u0142 nab\u00f3r wniosk\u00f3w do Programu \u201eAsystent osobisty osoby z niepe\u0142nosprawno\u015bci\u0105\u201e dla Jednostek Samorz\u0105du Terytorialnego \u2013 edycja 2026. Program realizowany jest ze \u015brodk\u00f3w [&hellip;]","og_url":"https:\/\/www.mopskrasnystaw.pl\/?page_id=5005","og_site_name":"MOPS Krasnystaw","article_modified_time":"2026-02-03T09:39:03+00:00","og_image":[{"url":"https:\/\/www.mopskrasnystaw.pl\/wp-content\/uploads\/2025\/09\/001_01092025_114251.jpg"}],"twitter_card":"summary_large_image","twitter_misc":{"Szacowany czas czytania":"6 minut"},"schema":{"@context":"https:\/\/schema.org","@graph":[{"@type":"WebSite","@id":"https:\/\/www.mopskrasnystaw.pl\/#website","url":"https:\/\/www.mopskrasnystaw.pl\/","name":"MOPS Krasnystaw","description":"","potentialAction":[{"@type":"SearchAction","target":{"@type":"EntryPoint","urlTemplate":"https:\/\/www.mopskrasnystaw.pl\/?s={search_term_string}"},"query-input":"required name=search_term_string"}],"inLanguage":"pl-PL"},{"@type":"ImageObject","inLanguage":"pl-PL","@id":"https:\/\/www.mopskrasnystaw.pl\/?page_id=5005#primaryimage","url":"https:\/\/www.mopskrasnystaw.pl\/wp-content\/uploads\/2025\/09\/001_01092025_114251.jpg","contentUrl":"https:\/\/www.mopskrasnystaw.pl\/wp-content\/uploads\/2025\/09\/001_01092025_114251.jpg","width":542,"height":89},{"@type":"WebPage","@id":"https:\/\/www.mopskrasnystaw.pl\/?page_id=5005#webpage","url":"https:\/\/www.mopskrasnystaw.pl\/?page_id=5005","name":"\u201eAsystent osobisty osoby z niepe\u0142nosprawno\u015bci\u0105\u201d dla Jednostek Samorz\u0105du Terytorialnego \u2013 edycja 2026 - MOPS Krasnystaw","isPartOf":{"@id":"https:\/\/www.mopskrasnystaw.pl\/#website"},"primaryImageOfPage":{"@id":"https:\/\/www.mopskrasnystaw.pl\/?page_id=5005#primaryimage"},"datePublished":"2025-09-01T08:38:01+00:00","dateModified":"2026-02-03T09:39:03+00:00","breadcrumb":{"@id":"https:\/\/www.mopskrasnystaw.pl\/?page_id=5005#breadcrumb"},"inLanguage":"pl-PL","potentialAction":[{"@type":"ReadAction","target":["https:\/\/www.mopskrasnystaw.pl\/?page_id=5005"]}]},{"@type":"BreadcrumbList","@id":"https:\/\/www.mopskrasnystaw.pl\/?page_id=5005#breadcrumb","itemListElement":[{"@type":"ListItem","position":1,"name":"Strona g\u0142\u00f3wna","item":"https:\/\/www.mopskrasnystaw.pl\/"},{"@type":"ListItem","position":2,"name":"\u201eAsystent osobisty osoby z niepe\u0142nosprawno\u015bci\u0105\u201d dla Jednostek Samorz\u0105du Terytorialnego \u2013 edycja 2026"}]}]}},"_links":{"self":[{"href":"https:\/\/www.mopskrasnystaw.pl\/index.php?rest_route=\/wp\/v2\/pages\/5005"}],"collection":[{"href":"https:\/\/www.mopskrasnystaw.pl\/index.php?rest_route=\/wp\/v2\/pages"}],"about":[{"href":"https:\/\/www.mopskrasnystaw.pl\/index.php?rest_route=\/wp\/v2\/types\/page"}],"author":[{"embeddable":true,"href":"https:\/\/www.mopskrasnystaw.pl\/index.php?rest_route=\/wp\/v2\/users\/3"}],"replies":[{"embeddable":true,"href":"https:\/\/www.mopskrasnystaw.pl\/index.php?rest_route=%2Fwp%2Fv2%2Fcomments&post=5005"}],"version-history":[{"count":5,"href":"https:\/\/www.mopskrasnystaw.pl\/index.php?rest_route=\/wp\/v2\/pages\/5005\/revisions"}],"predecessor-version":[{"id":5158,"href":"https:\/\/www.mopskrasnystaw.pl\/index.php?rest_route=\/wp\/v2\/pages\/5005\/revisions\/5158"}],"wp:attachment":[{"href":"https:\/\/www.mopskrasnystaw.pl\/index.php?rest_route=%2Fwp%2Fv2%2Fmedia&parent=5005"}],"curies":[{"name":"wp","href":"https:\/\/api.w.org\/{rel}","templated":true}]}}