{"id":4576,"date":"2023-12-05T09:19:39","date_gmt":"2023-12-05T09:19:39","guid":{"rendered":"https:\/\/www.mopskrasnystaw.pl\/?page_id=4576"},"modified":"2024-02-06T11:32:49","modified_gmt":"2024-02-06T11:32:49","slug":"asystent-osobisty-osoby-niepelnosprawnej-2024","status":"publish","type":"page","link":"https:\/\/www.mopskrasnystaw.pl\/?page_id=4576","title":{"rendered":"Asystent osobisty osoby niepe\u0142nosprawnej 2024"},"content":{"rendered":"\n<figure class=\"wp-block-image size-full\"><img loading=\"lazy\" width=\"989\" height=\"188\" src=\"https:\/\/www.mopskrasnystaw.pl\/wp-content\/uploads\/2023\/11\/flaga.png\" alt=\"\" class=\"wp-image-4552\" srcset=\"https:\/\/www.mopskrasnystaw.pl\/wp-content\/uploads\/2023\/11\/flaga.png 989w, https:\/\/www.mopskrasnystaw.pl\/wp-content\/uploads\/2023\/11\/flaga-300x57.png 300w, https:\/\/www.mopskrasnystaw.pl\/wp-content\/uploads\/2023\/11\/flaga-768x146.png 768w\" sizes=\"(max-width: 989px) 100vw, 989px\" \/><\/figure>\n\n\n\n<p><strong>Miejski O\u015brodek Pomocy Spo\u0142ecznej w Krasnymstawie informuje, \u017ce w dniu 16.08.2023 r. Minister Rodziny i Polityki Spo\u0142ecznej og\u0142osi\u0142 nab\u00f3r wniosk\u00f3w na realizacj\u0119 Programu pn. \u201eAsystent osobisty osoby z&nbsp;niepe\u0142nosprawno\u015bci\u0105\u201d dla Jednostek Samorz\u0105du Terytorialnego \u2212 edycja 2024 finansowanego ze \u015brodk\u00f3w Funduszu Solidarno\u015bciowego.<\/strong><\/p>\n\n\n\n<p>Na realizacj\u0119 Programu Minister przeznaczy\u0142 kwot\u0119 505&nbsp;000&nbsp;000,00 z\u0142 (s\u0142ownie: pi\u0119\u0107set pi\u0119\u0107 milion\u00f3w z\u0142otych, 00\/100).<\/p>\n\n\n\n<p><br>G\u0142\u00f3wnym celem Programu jest wprowadzenie us\u0142ug asystencji osobistej jako formy&nbsp; og\u00f3lnodost\u0119pnego wsparcia w wykonywaniu codziennych czynno\u015bci oraz funkcjonowaniu w&nbsp;\u017cyciu spo\u0142ecznym.<\/p>\n\n\n\n<p><strong>Adresatami Programu s\u0105:<\/strong><\/p>\n\n\n\n<ul><li>dzieci do&nbsp;uko\u0144czenia 16.&nbsp;roku \u017cycia posiadaj\u0105ce orzeczenie o niepe\u0142nosprawno\u015bci \u0142\u0105cznie ze wskazaniami w pkt 7 i 8 w orzeczeniu o niepe\u0142nosprawno\u015bci \u2013 konieczno\u015bci sta\u0142ej lub d\u0142ugotrwa\u0142ej opieki lub pomocy innej osoby w zwi\u0105zku ze znacznie ograniczon\u0105 mo\u017cliwo\u015bci\u0105 samodzielnej egzystencji oraz konieczno\u015bci sta\u0142ego wsp\u00f3\u0142udzia\u0142u na co dzie\u0144 opiekuna dziecka w procesie jego leczenia, rehabilitacji i edukacji oraz<\/li><li>osoby z niepe\u0142nosprawno\u015bciami posiadaj\u0105ce orzeczenie:<br>a) o znacznym stopniu niepe\u0142nosprawno\u015bci albo<br>b) o umiarkowanym stopniu niepe\u0142nosprawno\u015bci albo<br>c) traktowane na r\u00f3wni z orzeczeniami wymienionymi w lit. a i b zgodnie z art. 5 i art. 62 ustawy z dnia 27 sierpnia 1997 r. o rehabilitacji zawodowej i spo\u0142ecznej oraz zatrudnianiu os\u00f3b niepe\u0142nosprawnych.<\/li><\/ul>\n\n\n\n<p><strong>Us\u0142ugi asystencji osobistej polegaj\u0105 w szczeg\u00f3lno\u015bci na wspieraniu przez asystenta osoby z niepe\u0142nosprawno\u015bci\u0105 we wszystkich sferach \u017cycia, w tym:<\/strong><\/p>\n\n\n\n<ol type=\"1\"><li>wsparciu uczestnika w czynno\u015bciach samoobs\u0142ugowych, w tym utrzymaniu higieny osobistej;<\/li><li>wsparcie uczestnika w prowadzeniu gospodarstwa domowego i wype\u0142nianiu<br>r\u00f3l w rodzinie;<\/li><li>wsparciu uczestnika w przemieszczaniu si\u0119 poza miejscem zamieszkania;<\/li><li>wsparciu uczestnika w podejmowaniu aktywno\u015bci \u017cyciowej i komunikowaniu<br>si\u0119 z otoczeniem.<\/li><\/ol>\n\n\n\n<p><strong>Terminy naboru wniosk\u00f3w<\/strong><\/p>\n\n\n\n<ol type=\"1\"><li>Gmina\/powiat, wyst\u0119puj\u0105c o \u015brodki finansowe w ramach Programu jest zobowi\u0105zana z\u0142o\u017cy\u0107 do&nbsp;wojewody za po\u015brednictwem Generatora Funduszu Solidarno\u015bciowego (dost\u0119pnego na stronie internetowej:&nbsp;<strong>mrips.gov.pl<\/strong>) wniosek wraz z wymagalnymi za\u0142\u0105cznikami oraz o\u015bwiadczenie o z\u0142o\u017ceniu wniosku w&nbsp;Generatorze Funduszu Solidarno\u015bciowego&nbsp;<strong>w&nbsp;terminie do dnia 15 wrze\u015bnia 2023 r.<\/strong>&nbsp;<\/li><li>Wojewoda, po weryfikacji wniosk\u00f3w z\u0142o\u017conych przez gminy\/powiaty, sporz\u0105dza list\u0119 rekomendowanych wniosk\u00f3w do finansowania w ramach Programu i przekazuje<br>j\u0105 do Ministra wraz z informacj\u0105 wojewody dotycz\u0105c\u0105 \u015brodk\u00f3w finansowych<br>z Programu&nbsp;<strong>w&nbsp;terminie do dnia 6 pa\u017adziernika 2023 r.<\/strong><\/li><li>Minister zatwierdza zbiorcz\u0105 list\u0119 rekomendowanych wniosk\u00f3w w terminie 30 dni od&nbsp;dni przekazania Ministrowi wszystkich list rekomendowanych wniosk\u00f3w wojewod\u00f3w.<\/li><\/ol>\n\n\n\n<p>Tre\u015b\u0107 Og\u0142oszenia o naborze oraz Programu wraz z za\u0142\u0105cznikami dost\u0119pna jest na stronie Pe\u0142nomocnika Rz\u0105du ds. Os\u00f3b Niepe\u0142nosprawnych pod adresem:<a href=\"https:\/\/niepelnosprawni.gov.pl\/a,1478,nabor-wnioskow-w-ramach-programu-resortowego-ministra-rodziny-i-polityki-spolecznej-asystent-osobisty-osoby-z-niepelnosprawnoscia-dla-jednostek-samorzadu-terytorialnego-edycja-2024\">https:\/\/niepelnosprawni.gov.pl\/a,1478,nabor-wnioskow-w-ramach-programu-resortowego-ministra-rodziny-i-polityki-spolecznej-asystent-osobisty-osoby-z-niepelnosprawnoscia-dla-jednostek-samorzadu-terytorialnego-edycja-2024<\/a><\/p>\n\n\n\n<p><\/p>\n\n\n\n<p><strong>RUSZY\u0141 NAB\u00d3R WNIOSK\u00d3W DO PROGRAMU &#8222;ASYSTENT OSOBISTY OSOBY Z&nbsp;NIEPE\u0141NOSPRAWNO\u015aCI\u0104&#8221; DLA JEDNOSTEK SAMORZ\u0104DU TERYTORIALNEGO \u2013 EDYCJA 2024<\/strong><\/p>\n\n\n\n<p>Program \u201eAsystent osobisty osoby z&nbsp;niepe\u0142nosprawno\u015bci\u0105\u201d dla jednostek samorz\u0105du terytorialnego \u2013 edycja 2024 ma na celu zapewnienie dost\u0119pno\u015bci do us\u0142ug asystencji osobistej, tj. wsparcia w&nbsp;wykonywaniu codziennych czynno\u015bci oraz funkcjonowaniu w&nbsp;\u017cyciu spo\u0142ecznym os\u00f3b niepe\u0142nosprawnych dla:<\/p>\n\n\n\n<ul><li>dzieci do&nbsp;uko\u0144czenia 16&nbsp;roku \u017cycia posiadaj\u0105ce orzeczenie o&nbsp;niepe\u0142nosprawno\u015bci \u0142\u0105cznie ze&nbsp;wskazaniami: konieczno\u015bci sta\u0142ej lub d\u0142ugotrwa\u0142ej opieki lub pomocy innej osoby w&nbsp;zwi\u0105zku ze&nbsp;znacznie ograniczon\u0105 mo\u017cliwo\u015bci\u0105 samodzielnej egzystencji oraz konieczno\u015bci sta\u0142ego wsp\u00f3\u0142udzia\u0142u na co dzie\u0144 opiekuna dziecka w&nbsp;procesie jego leczenia, rehabilitacji i&nbsp;edukacji oraz<\/li><li>os\u00f3b z niepe\u0142nosprawno\u015bciami posiadaj\u0105cych orzeczenie:<br>a) o&nbsp;znacznym stopniu niepe\u0142nosprawno\u015bci albo<br>b) o&nbsp;umiarkowanym stopniu niepe\u0142nosprawno\u015bci albo<br>c) traktowane na r\u00f3wni z&nbsp;orzeczeniami wymienionymi w&nbsp;lit. a&nbsp;i b, zgodnie z&nbsp;art.<br>5 i&nbsp;art. 62 ustawy z&nbsp;dnia 27 sierpnia 1997 r. o&nbsp;rehabilitacji zawodowej i&nbsp;spo\u0142ecznej oraz zatrudnianiu os\u00f3b niepe\u0142nosprawnych (Dz. U. z&nbsp;2023 r. poz.100 z&nbsp;p\u00f3\u017an. zm.).<\/li><\/ul>\n\n\n\n<p><strong>Podstawa prawna Programu<\/strong><\/p>\n\n\n\n<p>Podstaw\u0105 prawn\u0105 Programu jest art. 7 ust. 5 oraz art. 13 ustawy z&nbsp;dnia 23 pa\u017adziernika 2018 r. o&nbsp;Funduszu Solidarno\u015bciowym (Dz. U. z&nbsp;2023 r. poz. 647,1407 i&nbsp;1429).<\/p>\n\n\n\n<p><strong>Zg\u0142osze\u0144 do programu dokonuje si\u0119 na podstawie Karty zg\u0142oszenia do Programu \u201eAsystent osobisty osoby z&nbsp;niepe\u0142nosprawno\u015bci\u0105\u201d dla Jednostek Samorz\u0105du Terytorialnego \u2013 edycja 2024 wraz z za\u0142\u0105cznikami w&nbsp;terminie do dnia<br><u>31 GRUDNIA 2023 r.<\/u><\/strong><\/p>\n\n\n\n<p><strong>Dokumenty nale\u017cy z\u0142o\u017cy\u0107 w&nbsp;siedzibie Miejskiego O\u015brodka Pomocy Spo\u0142ecznej<br>w Krasnymstawie, 22-300 Krasnystaw ul. Pi\u0142sudskiego 9, pok\u00f3j Nr 107<\/strong><\/p>\n\n\n\n<p>&nbsp;W przypadku wi\u0119kszej liczby os\u00f3b zainteresowanych zostanie ustalona lista rezerwowa.<\/p>\n\n\n\n<p>Szczeg\u00f3\u0142owe informacje dotycz\u0105ce Programu mo\u017cna uzyska\u0107 pod numerem telefonu 82&nbsp;576 23 24 wew. 107<\/p>\n\n\n\n<h2>ZA\u0141\u0104CZNIKI:<\/h2>\n\n\n\n<div class=\"wp-block-file\"><a id=\"wp-block-file--media-37b6d39c-dd58-47fd-9637-2a4aeec3f915\" href=\"https:\/\/www.mopskrasnystaw.pl\/wp-content\/uploads\/2023\/12\/Karta_zgloszenia.docx\">Karta_zg\u0142oszenia<\/a><\/div>\n\n\n\n<div class=\"wp-block-file\"><a id=\"wp-block-file--media-567899d7-c101-4d42-a484-87dedc916080\" href=\"https:\/\/www.mopskrasnystaw.pl\/wp-content\/uploads\/2023\/12\/Klauzula-informacyjna-o-przetwarzaniu-danych-osobowych-przez-Miejski-Osrodek-Pomocy-Spolecznej.docx\">Klauzula informacyjna o przetwarzaniu danych osobowych<\/a><\/div>\n\n\n\n<div class=\"wp-block-file\"><a id=\"wp-block-file--media-6d6c3a38-86d0-4f60-8bc7-62593e4d9f11\" href=\"https:\/\/www.mopskrasnystaw.pl\/wp-content\/uploads\/2023\/12\/Zakres_czynnosci-1.docx\">Zakres_czynno\u015bci<\/a><\/div>\n\n\n\n<div class=\"wp-block-file\"><a id=\"wp-block-file--media-eb223b2e-563f-47ab-b8da-49614df83a81\" href=\"https:\/\/www.mopskrasnystaw.pl\/wp-content\/uploads\/2023\/12\/Oswiadczenia_2024.docx\">O\u015bwiadczenia_2024<\/a><\/div>\n\n\n\n<div class=\"wp-block-file\"><a id=\"wp-block-file--media-eda16e2f-b961-45dd-92ff-f64d04844876\" href=\"https:\/\/www.mopskrasnystaw.pl\/wp-content\/uploads\/2023\/12\/Oswiadczenie_RODO.docx\">O\u015bwiadczenie_RODO<\/a><\/div>\n\n\n\n<p>Wi\u0119cej informacji:<br><a href=\"https:\/\/niepelnosprawni.gov.pl\/a,1490,programy-ministra-rodziny-i-polityki-spolecznej-o-zmianach-programu-asystent-osobisty-osoby-z-niepelnosprawnoscia-dla-jednostek-samorzadu-terytorialnego-edycja-2024\">https:\/\/niepelnosprawni.gov.pl\/a,1490,programy-ministra-rodziny-i-polityki-spolecznej-o-zmianach-programu-asystent-osobisty-osoby-z-niepelnosprawnoscia-dla-jednostek-samorzadu-terytorialnego-edycja-2024<\/a><\/p>\n\n\n\n<p>Miasto Krasnystaw informuje, \u017ce otrzyma\u0142o \u015brodki na realizacj\u0119 Programu Ministra Rodziny, Pracy i Polityki Spo\u0142ecznej <strong>\u201eAsystent osobisty osoby z niepe\u0142nosprawno\u015bci\u0105\u201d<\/strong><br>dla Jednostek Samorz\u0105du Terytorialnego \u2013 edycja 2024&nbsp; finansowanego z Funduszu Solidarno\u015bciowego \u2013 pa\u0144stwowego funduszu celowego w wysoko\u015bci:<\/p>\n\n\n\n<p>Kwota dofinansowania:&nbsp; <strong>2&nbsp;944 536,00 z\u0142.<\/strong><\/p>\n\n\n\n<p>Ca\u0142kowita warto\u015b\u0107:&nbsp; <strong>2&nbsp;944 536,00 z\u0142.<\/strong><\/p>\n\n\n\n<p>Program trwa <strong>od 01.01.2024 r. do 31.12.2024 r<\/strong>.<\/p>\n\n\n\n<p>G\u0142\u00f3wnym celem Programu jest wprowadzenie us\u0142ug asystencji osobistej<br>jako formy og\u00f3lnodost\u0119pnego wsparcia w wykonywaniu codziennych czynno\u015bci oraz funkcjonowaniu w \u017cyciu spo\u0142ecznym dla uczestnik\u00f3w Programu:<\/p>\n\n\n\n<ol type=\"1\"><li>dzieci do uko\u0144czenia 16. roku \u017cycia posiadaj\u0105ce orzeczenie o niepe\u0142nosprawno\u015bci \u0142\u0105cznie ze wskazaniami: konieczno\u015bci sta\u0142ej lub d\u0142ugotrwa\u0142ej opieki lub pomocy innej osoby w zwi\u0105zku ze znacznie ograniczon\u0105 mo\u017cliwo\u015bci\u0105 samodzielnej egzystencji oraz konieczno\u015bci sta\u0142ego wsp\u00f3\u0142udzia\u0142u na co dzie\u0144 opiekuna dziecka w procesie jego leczenia, rehabilitacji i edukacjioraz<\/li><li>osoby z niepe\u0142nosprawno\u015bci\u0105 posiadaj\u0105ce orzeczenie:<\/li><li>o znacznym stopniu niepe\u0142nosprawno\u015bci albo<\/li><li>o umiarkowanym stopniu niepe\u0142nosprawno\u015bci albo<\/li><li>traktowane na r\u00f3wni z orzeczeniami wymienionymi w lit. a i b, zgodnie z art. 5 i art. 62 ustawy z dnia 27 sierpnia 1997 r. o rehabilitacji zawodowej i spo\u0142ecznej<br>oraz zatrudnianiu os\u00f3b niepe\u0142nosprawnych.<\/li><\/ol>\n\n\n\n<p>Us\u0142ugi asystencji osobistej polegaj\u0105 na wspieraniu przez asystenta osoby<br>z niepe\u0142nosprawno\u015bci\u0105 w r\u00f3\u017cnych strefach \u017cycia, w tym:<\/p>\n\n\n\n<ol type=\"1\"><li>wsparcia uczestnika w czynno\u015bciach samoobs\u0142ugowych, w tym utrzymaniu higieny osobistej;<\/li><li>wsparcie uczestnika w prowadzeniu gospodarstwa domowego i wype\u0142nianiu r\u00f3l<br>w rodzinie;<\/li><li>wsparcie uczestnika w przemieszczaniu si\u0119 poza miejscem zamieszkania;<\/li><li>wsparcia uczestnika w podejmowaniu aktywno\u015bci \u017cyciowej i komunikowaniu<br>si\u0119 z otoczeniem.<\/li><\/ol>\n\n\n\n<p>Za us\u0142ugi asystencji osobistej uczestnik programu nie ponosi odp\u0142atno\u015bci. Wi\u0119cej informacji:<br><a href=\"https:\/\/niepelnosprawni.gov.pl\/a,1490,programy-ministra-rodziny-i-polityki-spolecznej-o-zmianach-programu-asystent-osobisty-osoby-z-niepelnosprawnoscia-dla-jednostek-samorzadu-terytorialnego-edycja-2024\">https:\/\/niepelnosprawni.gov.pl\/a,1490,programy-ministra-rodziny-i-polityki-spolecznej-o-zmianach-programu-asystent-osobisty-osoby-z-niepelnosprawnoscia-dla-jednostek-samorzadu-terytorialnego-edycja-2024<\/a><\/p>\n","protected":false},"excerpt":{"rendered":"<p>Miejski O\u015brodek Pomocy Spo\u0142ecznej w Krasnymstawie informuje, \u017ce w dniu 16.08.2023 r. Minister Rodziny i Polityki Spo\u0142ecznej og\u0142osi\u0142 nab\u00f3r wniosk\u00f3w na realizacj\u0119 Programu pn. \u201eAsystent osobisty osoby z&nbsp;niepe\u0142nosprawno\u015bci\u0105\u201d dla Jednostek Samorz\u0105du Terytorialnego \u2212 edycja 2024 finansowanego ze \u015brodk\u00f3w Funduszu Solidarno\u015bciowego. Na realizacj\u0119 Programu Minister przeznaczy\u0142 kwot\u0119 505&nbsp;000&nbsp;000,00 z\u0142 (s\u0142ownie: pi\u0119\u0107set pi\u0119\u0107 milion\u00f3w z\u0142otych, 00\/100). G\u0142\u00f3wnym [&hellip;]<\/p>\n","protected":false},"author":3,"featured_media":0,"parent":0,"menu_order":0,"comment_status":"closed","ping_status":"closed","template":"","meta":[],"yoast_head":"<!-- This site is optimized with the Yoast SEO plugin v19.0 - https:\/\/yoast.com\/wordpress\/plugins\/seo\/ -->\n<title>Asystent osobisty osoby niepe\u0142nosprawnej 2024 - MOPS Krasnystaw<\/title>\n<meta name=\"robots\" content=\"index, follow, max-snippet:-1, max-image-preview:large, max-video-preview:-1\" \/>\n<link rel=\"canonical\" href=\"https:\/\/www.mopskrasnystaw.pl\/?page_id=4576\" \/>\n<meta property=\"og:locale\" content=\"pl_PL\" \/>\n<meta property=\"og:type\" content=\"article\" \/>\n<meta property=\"og:title\" content=\"Asystent osobisty osoby niepe\u0142nosprawnej 2024 - MOPS Krasnystaw\" \/>\n<meta property=\"og:description\" content=\"Miejski O\u015brodek Pomocy Spo\u0142ecznej w Krasnymstawie informuje, \u017ce w dniu 16.08.2023 r. Minister Rodziny i Polityki Spo\u0142ecznej og\u0142osi\u0142 nab\u00f3r wniosk\u00f3w na realizacj\u0119 Programu pn. \u201eAsystent osobisty osoby z&nbsp;niepe\u0142nosprawno\u015bci\u0105\u201d dla Jednostek Samorz\u0105du Terytorialnego \u2212 edycja 2024 finansowanego ze \u015brodk\u00f3w Funduszu Solidarno\u015bciowego. Na realizacj\u0119 Programu Minister przeznaczy\u0142 kwot\u0119 505&nbsp;000&nbsp;000,00 z\u0142 (s\u0142ownie: pi\u0119\u0107set pi\u0119\u0107 milion\u00f3w z\u0142otych, 00\/100). G\u0142\u00f3wnym [&hellip;]\" \/>\n<meta property=\"og:url\" content=\"https:\/\/www.mopskrasnystaw.pl\/?page_id=4576\" \/>\n<meta property=\"og:site_name\" content=\"MOPS Krasnystaw\" \/>\n<meta property=\"article:modified_time\" content=\"2024-02-06T11:32:49+00:00\" \/>\n<meta property=\"og:image\" content=\"https:\/\/www.mopskrasnystaw.pl\/wp-content\/uploads\/2023\/11\/flaga.png\" \/>\n<meta name=\"twitter:card\" content=\"summary_large_image\" \/>\n<meta name=\"twitter:label1\" content=\"Szacowany czas czytania\" \/>\n\t<meta name=\"twitter:data1\" content=\"6 minut\" \/>\n<script type=\"application\/ld+json\" class=\"yoast-schema-graph\">{\"@context\":\"https:\/\/schema.org\",\"@graph\":[{\"@type\":\"WebSite\",\"@id\":\"https:\/\/www.mopskrasnystaw.pl\/#website\",\"url\":\"https:\/\/www.mopskrasnystaw.pl\/\",\"name\":\"MOPS Krasnystaw\",\"description\":\"\",\"potentialAction\":[{\"@type\":\"SearchAction\",\"target\":{\"@type\":\"EntryPoint\",\"urlTemplate\":\"https:\/\/www.mopskrasnystaw.pl\/?s={search_term_string}\"},\"query-input\":\"required name=search_term_string\"}],\"inLanguage\":\"pl-PL\"},{\"@type\":\"ImageObject\",\"inLanguage\":\"pl-PL\",\"@id\":\"https:\/\/www.mopskrasnystaw.pl\/?page_id=4576#primaryimage\",\"url\":\"https:\/\/www.mopskrasnystaw.pl\/wp-content\/uploads\/2023\/11\/flaga.png\",\"contentUrl\":\"https:\/\/www.mopskrasnystaw.pl\/wp-content\/uploads\/2023\/11\/flaga.png\",\"width\":989,\"height\":188},{\"@type\":\"WebPage\",\"@id\":\"https:\/\/www.mopskrasnystaw.pl\/?page_id=4576#webpage\",\"url\":\"https:\/\/www.mopskrasnystaw.pl\/?page_id=4576\",\"name\":\"Asystent osobisty osoby niepe\u0142nosprawnej 2024 - MOPS Krasnystaw\",\"isPartOf\":{\"@id\":\"https:\/\/www.mopskrasnystaw.pl\/#website\"},\"primaryImageOfPage\":{\"@id\":\"https:\/\/www.mopskrasnystaw.pl\/?page_id=4576#primaryimage\"},\"datePublished\":\"2023-12-05T09:19:39+00:00\",\"dateModified\":\"2024-02-06T11:32:49+00:00\",\"breadcrumb\":{\"@id\":\"https:\/\/www.mopskrasnystaw.pl\/?page_id=4576#breadcrumb\"},\"inLanguage\":\"pl-PL\",\"potentialAction\":[{\"@type\":\"ReadAction\",\"target\":[\"https:\/\/www.mopskrasnystaw.pl\/?page_id=4576\"]}]},{\"@type\":\"BreadcrumbList\",\"@id\":\"https:\/\/www.mopskrasnystaw.pl\/?page_id=4576#breadcrumb\",\"itemListElement\":[{\"@type\":\"ListItem\",\"position\":1,\"name\":\"Strona g\u0142\u00f3wna\",\"item\":\"https:\/\/www.mopskrasnystaw.pl\/\"},{\"@type\":\"ListItem\",\"position\":2,\"name\":\"Asystent osobisty osoby niepe\u0142nosprawnej 2024\"}]}]}<\/script>\n<!-- \/ Yoast SEO plugin. -->","yoast_head_json":{"title":"Asystent osobisty osoby niepe\u0142nosprawnej 2024 - MOPS Krasnystaw","robots":{"index":"index","follow":"follow","max-snippet":"max-snippet:-1","max-image-preview":"max-image-preview:large","max-video-preview":"max-video-preview:-1"},"canonical":"https:\/\/www.mopskrasnystaw.pl\/?page_id=4576","og_locale":"pl_PL","og_type":"article","og_title":"Asystent osobisty osoby niepe\u0142nosprawnej 2024 - MOPS Krasnystaw","og_description":"Miejski O\u015brodek Pomocy Spo\u0142ecznej w Krasnymstawie informuje, \u017ce w dniu 16.08.2023 r. Minister Rodziny i Polityki Spo\u0142ecznej og\u0142osi\u0142 nab\u00f3r wniosk\u00f3w na realizacj\u0119 Programu pn. \u201eAsystent osobisty osoby z&nbsp;niepe\u0142nosprawno\u015bci\u0105\u201d dla Jednostek Samorz\u0105du Terytorialnego \u2212 edycja 2024 finansowanego ze \u015brodk\u00f3w Funduszu Solidarno\u015bciowego. Na realizacj\u0119 Programu Minister przeznaczy\u0142 kwot\u0119 505&nbsp;000&nbsp;000,00 z\u0142 (s\u0142ownie: pi\u0119\u0107set pi\u0119\u0107 milion\u00f3w z\u0142otych, 00\/100). G\u0142\u00f3wnym [&hellip;]","og_url":"https:\/\/www.mopskrasnystaw.pl\/?page_id=4576","og_site_name":"MOPS Krasnystaw","article_modified_time":"2024-02-06T11:32:49+00:00","og_image":[{"url":"https:\/\/www.mopskrasnystaw.pl\/wp-content\/uploads\/2023\/11\/flaga.png"}],"twitter_card":"summary_large_image","twitter_misc":{"Szacowany czas czytania":"6 minut"},"schema":{"@context":"https:\/\/schema.org","@graph":[{"@type":"WebSite","@id":"https:\/\/www.mopskrasnystaw.pl\/#website","url":"https:\/\/www.mopskrasnystaw.pl\/","name":"MOPS Krasnystaw","description":"","potentialAction":[{"@type":"SearchAction","target":{"@type":"EntryPoint","urlTemplate":"https:\/\/www.mopskrasnystaw.pl\/?s={search_term_string}"},"query-input":"required name=search_term_string"}],"inLanguage":"pl-PL"},{"@type":"ImageObject","inLanguage":"pl-PL","@id":"https:\/\/www.mopskrasnystaw.pl\/?page_id=4576#primaryimage","url":"https:\/\/www.mopskrasnystaw.pl\/wp-content\/uploads\/2023\/11\/flaga.png","contentUrl":"https:\/\/www.mopskrasnystaw.pl\/wp-content\/uploads\/2023\/11\/flaga.png","width":989,"height":188},{"@type":"WebPage","@id":"https:\/\/www.mopskrasnystaw.pl\/?page_id=4576#webpage","url":"https:\/\/www.mopskrasnystaw.pl\/?page_id=4576","name":"Asystent osobisty osoby niepe\u0142nosprawnej 2024 - MOPS Krasnystaw","isPartOf":{"@id":"https:\/\/www.mopskrasnystaw.pl\/#website"},"primaryImageOfPage":{"@id":"https:\/\/www.mopskrasnystaw.pl\/?page_id=4576#primaryimage"},"datePublished":"2023-12-05T09:19:39+00:00","dateModified":"2024-02-06T11:32:49+00:00","breadcrumb":{"@id":"https:\/\/www.mopskrasnystaw.pl\/?page_id=4576#breadcrumb"},"inLanguage":"pl-PL","potentialAction":[{"@type":"ReadAction","target":["https:\/\/www.mopskrasnystaw.pl\/?page_id=4576"]}]},{"@type":"BreadcrumbList","@id":"https:\/\/www.mopskrasnystaw.pl\/?page_id=4576#breadcrumb","itemListElement":[{"@type":"ListItem","position":1,"name":"Strona g\u0142\u00f3wna","item":"https:\/\/www.mopskrasnystaw.pl\/"},{"@type":"ListItem","position":2,"name":"Asystent osobisty osoby niepe\u0142nosprawnej 2024"}]}]}},"_links":{"self":[{"href":"https:\/\/www.mopskrasnystaw.pl\/index.php?rest_route=\/wp\/v2\/pages\/4576"}],"collection":[{"href":"https:\/\/www.mopskrasnystaw.pl\/index.php?rest_route=\/wp\/v2\/pages"}],"about":[{"href":"https:\/\/www.mopskrasnystaw.pl\/index.php?rest_route=\/wp\/v2\/types\/page"}],"author":[{"embeddable":true,"href":"https:\/\/www.mopskrasnystaw.pl\/index.php?rest_route=\/wp\/v2\/users\/3"}],"replies":[{"embeddable":true,"href":"https:\/\/www.mopskrasnystaw.pl\/index.php?rest_route=%2Fwp%2Fv2%2Fcomments&post=4576"}],"version-history":[{"count":3,"href":"https:\/\/www.mopskrasnystaw.pl\/index.php?rest_route=\/wp\/v2\/pages\/4576\/revisions"}],"predecessor-version":[{"id":4678,"href":"https:\/\/www.mopskrasnystaw.pl\/index.php?rest_route=\/wp\/v2\/pages\/4576\/revisions\/4678"}],"wp:attachment":[{"href":"https:\/\/www.mopskrasnystaw.pl\/index.php?rest_route=%2Fwp%2Fv2%2Fmedia&parent=4576"}],"curies":[{"name":"wp","href":"https:\/\/api.w.org\/{rel}","templated":true}]}}