{"id":4137,"date":"2022-07-08T10:19:56","date_gmt":"2022-07-08T10:19:56","guid":{"rendered":"https:\/\/www.mopskrasnystaw.pl\/?page_id=4137"},"modified":"2025-07-10T08:46:50","modified_gmt":"2025-07-10T08:46:50","slug":"opieka-75","status":"publish","type":"page","link":"https:\/\/www.mopskrasnystaw.pl\/?page_id=4137","title":{"rendered":"Opieka 75+"},"content":{"rendered":"\n<figure class=\"wp-block-image size-large\"><img loading=\"lazy\" width=\"1386\" height=\"462\" src=\"https:\/\/www.mopskrasnystaw.pl\/wp-content\/uploads\/2022\/07\/1-1024x341.png\" alt=\"\" class=\"wp-image-4138\" srcset=\"https:\/\/www.mopskrasnystaw.pl\/wp-content\/uploads\/2022\/07\/1-1024x341.png 1024w, https:\/\/www.mopskrasnystaw.pl\/wp-content\/uploads\/2022\/07\/1-300x100.png 300w, https:\/\/www.mopskrasnystaw.pl\/wp-content\/uploads\/2022\/07\/1-768x256.png 768w, https:\/\/www.mopskrasnystaw.pl\/wp-content\/uploads\/2022\/07\/1.png 1386w\" sizes=\"(max-width: 1386px) 100vw, 1386px\" \/><\/figure>\n\n\n\n<p><strong>Miasto Krasnystaw\/Miejski O\u015brodek Pomocy Spo\u0142ecznej<br>w Krasnymstawie realizuje Program Ministerstwa Rodziny, Pracy<br>i Polityki Spo\u0142ecznej \u201eOpieka 75+\u201d na rok 2025<\/strong><\/p>\n\n\n\n<p>Kwota dofinansowania:&nbsp; <strong>158 212,00 z\u0142.<\/strong><\/p>\n\n\n\n<p>Ca\u0142kowita warto\u015b\u0107:&nbsp; <strong>263 688,00 z\u0142.<\/strong><\/p>\n\n\n\n<p>Program trwa <strong>od 01.01.2025 r. do 31.12.2025 r<\/strong>.<\/p>\n\n\n\n<p>Celem programu jest zwi\u0119kszenie dost\u0119pno\u015bci do us\u0142ug opieku\u0144czych, w tym specjalistycznych us\u0142ug opieku\u0144czych, dla os\u00f3b w wieku 75 lat i wi\u0119cej, kt\u00f3re s\u0105 osobami samotnymi lub s\u0105 osobami samotnie gospodaruj\u0105cymi, a tak\u017ce tych, kt\u00f3re pozostaj\u0105<br>w rodzinie.<\/p>\n\n\n\n<p>Program jest elementem polityki spo\u0142ecznej pa\u0144stwa w zakresie:<\/p>\n\n\n\n<ol type=\"1\"><li>Zapewnienia ww. osobom wsparcia i pomocy adekwatnej do potrzeb<br>i mo\u017cliwo\u015bci wynikaj\u0105cych z wieku i stanu zdrowia, w ramach us\u0142ug opieku\u0144czych,<br>w tym specjalistycznych us\u0142ug opieku\u0144czych.<\/li><li>Poprawy jako\u015bci \u017cycia os\u00f3b w wieku 75 lat i wi\u0119cej.<\/li><li>Umo\u017cliwienia gminom rozszerzenia oferty us\u0142ug opieku\u0144czych,<br>w tym specjalistycznych us\u0142ug opieku\u0144czych dla os\u00f3b w wieku 75 lat i wi\u0119cej.<\/li><li>Wsparcia finansowego gmin w wype\u0142nianiu zada\u0144 w\u0142asnych o charakterze obowi\u0105zkowym.<\/li><\/ol>\n\n\n\n<p>\u015awiadczenie us\u0142ug opieku\u0144czych, w tym specjalistycznych us\u0142ug opieku\u0144czych, ma na celu udzielenie pomocy w zaspokajaniu codziennych potrzeb \u017cyciowych, \u015bwiadczenie opieki higienicznej oraz zapewnienie kontakt\u00f3w z otoczeniem osobom w wieku powy\u017cej 75 roku \u017cycia.<\/p>\n\n\n\n<p>Us\u0142ugi Opieki 75+ przyznawane s\u0105 na podstawie wniosku o udzielenie pomocy w formie us\u0142ug opieku\u0144czych.<\/p>\n\n\n\n<p>Podstawa prawna Programu<\/p>\n\n\n\n<ul><li>art. 17 ust, 1 pkt 11 ustawy z dnia 12 marca 2004 r. o pomocy spo\u0142ecznej<br>(Dz. U. z 2024 r. poz. 1283 ze zm.), to jest \u201e\u015bwiadczenia us\u0142ug opieku\u0144czych, w tym specjalistycznych us\u0142ug, w miejscu zamieszkania<br>(z wy\u0142\u0105czeniem specjalistycznych us\u0142ug opieku\u0144czych dla os\u00f3b z zaburzeniami psychicznymi)\u201d,<\/li><li>Program \u201eOpieka 75+\u201d na rok 2025 Ministerstwa Rodziny, Pracy i Polityki Spo\u0142ecznej,<\/li><\/ul>\n\n\n\n<p><strong>ZA\u0141\u0104CZNIKI:<\/strong><\/p>\n\n\n\n<div class=\"wp-block-file\"><a id=\"wp-block-file--media-25266227-2d4a-4a28-a7ac-216e7c7b1398\" href=\"https:\/\/www.mopskrasnystaw.pl\/wp-content\/uploads\/2025\/07\/Program_Opieka_75_2025.pdf\">Program_Opieka_75_2025<\/a><\/div>\n\n\n\n<p><strong>Wi\u0119cej informacji na stronie: <\/strong><a href=\"%20https:\/www.gov.pl\/web\/rodzina\/program-opieka-75-na-2025-rok\">&nbsp;https:\/\/www.gov.pl\/web\/rodzina\/program-opieka-75-na-2025-rok<\/a><\/p>\n\n\n\n<p><\/p>\n\n\n\n<p><strong>Dofinansowanie ze \u015brodk\u00f3w bud\u017cetu pa\u0144stwa, w wysoko\u015bci do 60% warto\u015bci ca\u0142ego zadania w kwocie: <u>109 400, 00 z\u0142<\/u><\/strong><\/p>\n\n\n\n<p>Strategicznym celem programu jest poprawa dost\u0119pno\u015bci do us\u0142ug opieku\u0144czych,<br>w tym specjalistycznych us\u0142ug opieku\u0144czych, dla os\u00f3b w wieku 75 lat i wi\u0119cej, kt\u00f3re<br>s\u0105 osobami samotnymi (zgodnie z art. 6 pkt 9 ustawy o pomocy spo\u0142ecznej) lub s\u0105 osobami<br>samotnie gospodaruj\u0105cymi (zgodnie z art. 6 pkt 10 ustawy o pomocy spo\u0142ecznej), a tak\u017ce tych, kt\u00f3re pozostaj\u0105 w rodzinie.<\/p>\n\n\n\n<p>Program jest elementem polityki spo\u0142ecznej pa\u0144stwa w zakresie:<\/p>\n\n\n\n<ol type=\"1\"><li>Zapewnienia ww. osobom wsparcia i pomocy adekwatnej do potrzeb i mo\u017cliwo\u015bci<br>wynikaj\u0105cych z wieku i stanu zdrowia, w ramach us\u0142ug opieku\u0144czych,<br>w tym specjalistycznych us\u0142ug opieku\u0144czych.<\/li><li>Poprawy jako\u015bci \u017cycia os\u00f3b w wieku 75 lat i wi\u0119cej.<\/li><li>Umo\u017cliwienia gminom rozszerzenia oferty us\u0142ug opieku\u0144czych,<br>w tym specjalistycznych us\u0142ug opieku\u0144czych dla os\u00f3b w wieku 75 lat i wi\u0119cej.<\/li><li>Wsparcia finansowego gmin w wype\u0142nianiu zada\u0144 w\u0142asnych o charakterze obowi\u0105zkowym.<\/li><\/ol>\n\n\n\n<p>\u015awiadczenie us\u0142ug opieku\u0144czych, w tym specjalistycznych us\u0142ug opieku\u0144czych, ma na celu udzielenie pomocy w zaspokajaniu codziennych potrzeb \u017cyciowych, \u015bwiadczenie opieki higienicznej oraz zapewnienie kontakt\u00f3w z otoczeniem osobom w wieku powy\u017cej 75 roku \u017cycia.<\/p>\n\n\n\n<p>Us\u0142ugi Opieki 75+ przyznawane s\u0105 na podstawie wniosku o udzielenie pomocy w formie us\u0142ug opieku\u0144czych.<\/p>\n\n\n\n<p>Czas trwania Programu<br>Us\u0142ugi opieku\u0144cze, w tym specjalistyczne us\u0142ugi opieku\u0144cze w ramach Programu Opieka 75+ s\u0105 realizowane do 31 grudnia 2024 r.<\/p>\n\n\n\n<p>Podstawa prawna Programu<\/p>\n\n\n\n<ul><li>art. 17 ust, 1 pkt 11 ustawy z dnia 12 marca 2004 r. o pomocy spo\u0142ecznej<br>(Dz. U. z 2023 r. poz. 901), to jest \u201e\u015bwiadczenia us\u0142ug opieku\u0144czych, w tym specjalistycznych us\u0142ug, w miejscu zamieszkania (z wy\u0142\u0105czeniem specjalistycznych us\u0142ug opieku\u0144czych dla os\u00f3b z zaburzeniami psychicznymi)\u201d,<\/li><li>Program \u201eOpieka 75+\u201d na rok 2023 Ministerstwa Rodziny, Pracy i Polityki Spo\u0142ecznej,<\/li><\/ul>\n\n\n\n<p><strong>ZA\u0141\u0104CZNIKI:<\/strong><\/p>\n\n\n\n<p><strong>Program_Opieka75+_2024.pdf<\/strong><\/p>\n\n\n\n<p><strong>Wi\u0119cej informacji na stronie: <\/strong><a href=\"https:\/\/www.gov.pl\/web\/rodzina\/program-opieka-75-edycja-2024\">https:\/\/www.gov.pl\/web\/rodzina\/program-opieka-75-edycja-2024<\/a><\/p>\n\n\n<div class=\"wp-block-image\">\n<figure class=\"aligncenter size-full\"><img loading=\"lazy\" width=\"590\" height=\"848\" src=\"https:\/\/www.mopskrasnystaw.pl\/wp-content\/uploads\/2024\/07\/001_03072024_092429.jpg\" alt=\"\" class=\"wp-image-4742\" srcset=\"https:\/\/www.mopskrasnystaw.pl\/wp-content\/uploads\/2024\/07\/001_03072024_092429.jpg 590w, https:\/\/www.mopskrasnystaw.pl\/wp-content\/uploads\/2024\/07\/001_03072024_092429-209x300.jpg 209w\" sizes=\"(max-width: 590px) 100vw, 590px\" \/><\/figure><\/div>\n\n\n<p><strong>PROGRAM&nbsp;\u201eOPIEKA&nbsp;75+ EDYCJA&nbsp;2023\u201d ZOSTA\u0141&nbsp;DOFINANSOWANY&nbsp;<br>ZE \u015aRODK\u00d3W BUD\u017bETU PA\u0143STWA<\/strong><\/p>\n\n\n\n<p><strong>Kwota dofinansowania wynosi 63.500,00 z\u0142<\/strong><\/p>\n\n\n\n<p>Strategicznym celem programu jest poprawa dost\u0119pno\u015bci do us\u0142ug opieku\u0144czych,<br>w tym specjalistycznych us\u0142ug opieku\u0144czych, dla os\u00f3b w wieku 75 lat i wi\u0119cej, kt\u00f3re<br>s\u0105 osobami samotnymi (zgodnie z art. 6 pkt 9 ustawy o pomocy spo\u0142ecznej) lub s\u0105 osobami<br>samotnie gospodaruj\u0105cymi (zgodnie z art. 6 pkt 10 ustawy o pomocy spo\u0142ecznej), a tak\u017ce tych, kt\u00f3re pozostaj\u0105 w rodzinie.<\/p>\n\n\n\n<p>Program jest elementem polityki spo\u0142ecznej pa\u0144stwa w zakresie:<\/p>\n\n\n\n<ol type=\"1\"><li>Zapewnienia ww. osobom wsparcia i pomocy adekwatnej do potrzeb i mo\u017cliwo\u015bci<br>wynikaj\u0105cych z wieku i stanu zdrowia, w ramach us\u0142ug opieku\u0144czych,<br>w tym specjalistycznych us\u0142ug opieku\u0144czych.<\/li><li>Poprawy jako\u015bci \u017cycia os\u00f3b w wieku 75 lat i wi\u0119cej.<\/li><li>Umo\u017cliwienia gminom rozszerzenia oferty us\u0142ug opieku\u0144czych,<br>w tym specjalistycznych us\u0142ug opieku\u0144czych dla os\u00f3b w wieku 75 lat i wi\u0119cej.<\/li><li>Wsparcia finansowego gmin w wype\u0142nianiu zada\u0144 w\u0142asnych o charakterze obowi\u0105zkowym.<\/li><\/ol>\n\n\n\n<p>\u015awiadczenie us\u0142ug opieku\u0144czych, w tym specjalistycznych us\u0142ug opieku\u0144czych, ma na celu udzielenie pomocy w zaspokajaniu codziennych potrzeb \u017cyciowych, \u015bwiadczenie opieki higienicznej oraz zapewnienie kontakt\u00f3w z otoczeniem osobom w wieku powy\u017cej 75 roku \u017cycia.<\/p>\n\n\n\n<p>Us\u0142ugi Opieki 75+ przyznawane s\u0105 na podstawie wniosku o udzielenie pomocy w formie us\u0142ug opieku\u0144czych i specjalistycznych us\u0142ug opieku\u0144czych.<\/p>\n\n\n\n<p>Czas trwania Programu<br>Us\u0142ugi opieku\u0144cze, w tym specjalistyczne us\u0142ugi opieku\u0144cze w ramach Programu Opieka 75+ s\u0105 realizowane do 31 grudnia 2023 r.<\/p>\n\n\n\n<p>Podstawa prawna Programu<\/p>\n\n\n\n<ul><li>art. 17 ust, 1 pkt 11 ustawy z dnia 12 marca 2004 r. o pomocy spo\u0142ecznej<br>(Dz. U. z 2023 r. poz. 901), to jest \u201e\u015bwiadczenia us\u0142ug opieku\u0144czych, w tym specjalistycznych us\u0142ug, w miejscu zamieszkania (z wy\u0142\u0105czeniem specjalistycznych us\u0142ug opieku\u0144czych dla os\u00f3b z zaburzeniami psychicznymi)\u201d,<\/li><li>Program \u201eOpieka 75+\u201d na rok 2023 Ministerstwa Rodziny, Pracy i Polityki Spo\u0142ecznej,<\/li><\/ul>\n\n\n\n<p><strong>ZA\u0141\u0104CZNIKI:<\/strong><\/p>\n\n\n\n<div class=\"wp-block-file\"><a id=\"wp-block-file--media-a83d6a37-698b-40b4-adfb-47e82f7ced78\" href=\"https:\/\/www.mopskrasnystaw.pl\/wp-content\/uploads\/2023\/07\/program_edok-2.pdf\"><strong>Program_Opieka75+_2023.pdf<\/strong><\/a><\/div>\n\n\n\n<p><strong>Wi\u0119cej informacji na stronie: <\/strong><a href=\"https:\/\/www.gov.pl\/web\/rodzina\/program-opieka-75-edycja-2023\">https:\/\/www.gov.pl\/web\/rodzina\/program-opieka-75-edycja-2023<\/a><\/p>\n","protected":false},"excerpt":{"rendered":"<p>Miasto Krasnystaw\/Miejski O\u015brodek Pomocy Spo\u0142ecznejw Krasnymstawie realizuje Program Ministerstwa Rodziny, Pracyi Polityki Spo\u0142ecznej \u201eOpieka 75+\u201d na rok 2025 Kwota dofinansowania:&nbsp; 158 212,00 z\u0142. Ca\u0142kowita warto\u015b\u0107:&nbsp; 263 688,00 z\u0142. Program trwa od 01.01.2025 r. do 31.12.2025 r. Celem programu jest zwi\u0119kszenie dost\u0119pno\u015bci do us\u0142ug opieku\u0144czych, w tym specjalistycznych us\u0142ug opieku\u0144czych, dla os\u00f3b w wieku 75 lat [&hellip;]<\/p>\n","protected":false},"author":3,"featured_media":0,"parent":0,"menu_order":0,"comment_status":"closed","ping_status":"closed","template":"","meta":[],"yoast_head":"<!-- This site is optimized with the Yoast SEO plugin v19.0 - https:\/\/yoast.com\/wordpress\/plugins\/seo\/ -->\n<title>Opieka 75+ - MOPS Krasnystaw<\/title>\n<meta name=\"robots\" content=\"index, follow, max-snippet:-1, max-image-preview:large, max-video-preview:-1\" \/>\n<link rel=\"canonical\" href=\"https:\/\/www.mopskrasnystaw.pl\/?page_id=4137\" \/>\n<meta property=\"og:locale\" content=\"pl_PL\" \/>\n<meta property=\"og:type\" content=\"article\" \/>\n<meta property=\"og:title\" content=\"Opieka 75+ - MOPS Krasnystaw\" \/>\n<meta property=\"og:description\" content=\"Miasto Krasnystaw\/Miejski O\u015brodek Pomocy Spo\u0142ecznejw Krasnymstawie realizuje Program Ministerstwa Rodziny, Pracyi Polityki Spo\u0142ecznej \u201eOpieka 75+\u201d na rok 2025 Kwota dofinansowania:&nbsp; 158 212,00 z\u0142. Ca\u0142kowita warto\u015b\u0107:&nbsp; 263 688,00 z\u0142. Program trwa od 01.01.2025 r. do 31.12.2025 r. Celem programu jest zwi\u0119kszenie dost\u0119pno\u015bci do us\u0142ug opieku\u0144czych, w tym specjalistycznych us\u0142ug opieku\u0144czych, dla os\u00f3b w wieku 75 lat [&hellip;]\" \/>\n<meta property=\"og:url\" content=\"https:\/\/www.mopskrasnystaw.pl\/?page_id=4137\" \/>\n<meta property=\"og:site_name\" content=\"MOPS Krasnystaw\" \/>\n<meta property=\"article:modified_time\" content=\"2025-07-10T08:46:50+00:00\" \/>\n<meta property=\"og:image\" content=\"https:\/\/www.mopskrasnystaw.pl\/wp-content\/uploads\/2022\/07\/1-1024x341.png\" \/>\n<meta name=\"twitter:card\" content=\"summary_large_image\" \/>\n<meta name=\"twitter:label1\" content=\"Szacowany czas czytania\" \/>\n\t<meta name=\"twitter:data1\" content=\"6 minut\" \/>\n<script type=\"application\/ld+json\" class=\"yoast-schema-graph\">{\"@context\":\"https:\/\/schema.org\",\"@graph\":[{\"@type\":\"WebSite\",\"@id\":\"https:\/\/www.mopskrasnystaw.pl\/#website\",\"url\":\"https:\/\/www.mopskrasnystaw.pl\/\",\"name\":\"MOPS Krasnystaw\",\"description\":\"\",\"potentialAction\":[{\"@type\":\"SearchAction\",\"target\":{\"@type\":\"EntryPoint\",\"urlTemplate\":\"https:\/\/www.mopskrasnystaw.pl\/?s={search_term_string}\"},\"query-input\":\"required name=search_term_string\"}],\"inLanguage\":\"pl-PL\"},{\"@type\":\"ImageObject\",\"inLanguage\":\"pl-PL\",\"@id\":\"https:\/\/www.mopskrasnystaw.pl\/?page_id=4137#primaryimage\",\"url\":\"https:\/\/www.mopskrasnystaw.pl\/wp-content\/uploads\/2022\/07\/1.png\",\"contentUrl\":\"https:\/\/www.mopskrasnystaw.pl\/wp-content\/uploads\/2022\/07\/1.png\",\"width\":1386,\"height\":462},{\"@type\":\"WebPage\",\"@id\":\"https:\/\/www.mopskrasnystaw.pl\/?page_id=4137#webpage\",\"url\":\"https:\/\/www.mopskrasnystaw.pl\/?page_id=4137\",\"name\":\"Opieka 75+ - MOPS Krasnystaw\",\"isPartOf\":{\"@id\":\"https:\/\/www.mopskrasnystaw.pl\/#website\"},\"primaryImageOfPage\":{\"@id\":\"https:\/\/www.mopskrasnystaw.pl\/?page_id=4137#primaryimage\"},\"datePublished\":\"2022-07-08T10:19:56+00:00\",\"dateModified\":\"2025-07-10T08:46:50+00:00\",\"breadcrumb\":{\"@id\":\"https:\/\/www.mopskrasnystaw.pl\/?page_id=4137#breadcrumb\"},\"inLanguage\":\"pl-PL\",\"potentialAction\":[{\"@type\":\"ReadAction\",\"target\":[\"https:\/\/www.mopskrasnystaw.pl\/?page_id=4137\"]}]},{\"@type\":\"BreadcrumbList\",\"@id\":\"https:\/\/www.mopskrasnystaw.pl\/?page_id=4137#breadcrumb\",\"itemListElement\":[{\"@type\":\"ListItem\",\"position\":1,\"name\":\"Strona g\u0142\u00f3wna\",\"item\":\"https:\/\/www.mopskrasnystaw.pl\/\"},{\"@type\":\"ListItem\",\"position\":2,\"name\":\"Opieka 75+\"}]}]}<\/script>\n<!-- \/ Yoast SEO plugin. -->","yoast_head_json":{"title":"Opieka 75+ - MOPS Krasnystaw","robots":{"index":"index","follow":"follow","max-snippet":"max-snippet:-1","max-image-preview":"max-image-preview:large","max-video-preview":"max-video-preview:-1"},"canonical":"https:\/\/www.mopskrasnystaw.pl\/?page_id=4137","og_locale":"pl_PL","og_type":"article","og_title":"Opieka 75+ - MOPS Krasnystaw","og_description":"Miasto Krasnystaw\/Miejski O\u015brodek Pomocy Spo\u0142ecznejw Krasnymstawie realizuje Program Ministerstwa Rodziny, Pracyi Polityki Spo\u0142ecznej \u201eOpieka 75+\u201d na rok 2025 Kwota dofinansowania:&nbsp; 158 212,00 z\u0142. Ca\u0142kowita warto\u015b\u0107:&nbsp; 263 688,00 z\u0142. Program trwa od 01.01.2025 r. do 31.12.2025 r. Celem programu jest zwi\u0119kszenie dost\u0119pno\u015bci do us\u0142ug opieku\u0144czych, w tym specjalistycznych us\u0142ug opieku\u0144czych, dla os\u00f3b w wieku 75 lat [&hellip;]","og_url":"https:\/\/www.mopskrasnystaw.pl\/?page_id=4137","og_site_name":"MOPS Krasnystaw","article_modified_time":"2025-07-10T08:46:50+00:00","og_image":[{"url":"https:\/\/www.mopskrasnystaw.pl\/wp-content\/uploads\/2022\/07\/1-1024x341.png"}],"twitter_card":"summary_large_image","twitter_misc":{"Szacowany czas czytania":"6 minut"},"schema":{"@context":"https:\/\/schema.org","@graph":[{"@type":"WebSite","@id":"https:\/\/www.mopskrasnystaw.pl\/#website","url":"https:\/\/www.mopskrasnystaw.pl\/","name":"MOPS Krasnystaw","description":"","potentialAction":[{"@type":"SearchAction","target":{"@type":"EntryPoint","urlTemplate":"https:\/\/www.mopskrasnystaw.pl\/?s={search_term_string}"},"query-input":"required name=search_term_string"}],"inLanguage":"pl-PL"},{"@type":"ImageObject","inLanguage":"pl-PL","@id":"https:\/\/www.mopskrasnystaw.pl\/?page_id=4137#primaryimage","url":"https:\/\/www.mopskrasnystaw.pl\/wp-content\/uploads\/2022\/07\/1.png","contentUrl":"https:\/\/www.mopskrasnystaw.pl\/wp-content\/uploads\/2022\/07\/1.png","width":1386,"height":462},{"@type":"WebPage","@id":"https:\/\/www.mopskrasnystaw.pl\/?page_id=4137#webpage","url":"https:\/\/www.mopskrasnystaw.pl\/?page_id=4137","name":"Opieka 75+ - MOPS Krasnystaw","isPartOf":{"@id":"https:\/\/www.mopskrasnystaw.pl\/#website"},"primaryImageOfPage":{"@id":"https:\/\/www.mopskrasnystaw.pl\/?page_id=4137#primaryimage"},"datePublished":"2022-07-08T10:19:56+00:00","dateModified":"2025-07-10T08:46:50+00:00","breadcrumb":{"@id":"https:\/\/www.mopskrasnystaw.pl\/?page_id=4137#breadcrumb"},"inLanguage":"pl-PL","potentialAction":[{"@type":"ReadAction","target":["https:\/\/www.mopskrasnystaw.pl\/?page_id=4137"]}]},{"@type":"BreadcrumbList","@id":"https:\/\/www.mopskrasnystaw.pl\/?page_id=4137#breadcrumb","itemListElement":[{"@type":"ListItem","position":1,"name":"Strona g\u0142\u00f3wna","item":"https:\/\/www.mopskrasnystaw.pl\/"},{"@type":"ListItem","position":2,"name":"Opieka 75+"}]}]}},"_links":{"self":[{"href":"https:\/\/www.mopskrasnystaw.pl\/index.php?rest_route=\/wp\/v2\/pages\/4137"}],"collection":[{"href":"https:\/\/www.mopskrasnystaw.pl\/index.php?rest_route=\/wp\/v2\/pages"}],"about":[{"href":"https:\/\/www.mopskrasnystaw.pl\/index.php?rest_route=\/wp\/v2\/types\/page"}],"author":[{"embeddable":true,"href":"https:\/\/www.mopskrasnystaw.pl\/index.php?rest_route=\/wp\/v2\/users\/3"}],"replies":[{"embeddable":true,"href":"https:\/\/www.mopskrasnystaw.pl\/index.php?rest_route=%2Fwp%2Fv2%2Fcomments&post=4137"}],"version-history":[{"count":5,"href":"https:\/\/www.mopskrasnystaw.pl\/index.php?rest_route=\/wp\/v2\/pages\/4137\/revisions"}],"predecessor-version":[{"id":4992,"href":"https:\/\/www.mopskrasnystaw.pl\/index.php?rest_route=\/wp\/v2\/pages\/4137\/revisions\/4992"}],"wp:attachment":[{"href":"https:\/\/www.mopskrasnystaw.pl\/index.php?rest_route=%2Fwp%2Fv2%2Fmedia&parent=4137"}],"curies":[{"name":"wp","href":"https:\/\/api.w.org\/{rel}","templated":true}]}}