{"id":3101,"date":"2021-10-15T11:54:05","date_gmt":"2021-10-15T11:54:05","guid":{"rendered":"http:\/\/www.mopskrasnystaw.pl\/?page_id=3101"},"modified":"2023-11-20T08:07:16","modified_gmt":"2023-11-20T08:07:16","slug":"opieka-wytchnieniowa","status":"publish","type":"page","link":"https:\/\/www.mopskrasnystaw.pl\/?page_id=3101","title":{"rendered":"Opieka wytchnieniowa \u2013 edycja 2023"},"content":{"rendered":"\n<figure class=\"wp-block-image size-full\"><img loading=\"lazy\" width=\"989\" height=\"188\" src=\"https:\/\/www.mopskrasnystaw.pl\/wp-content\/uploads\/2023\/11\/flaga.png\" alt=\"\" class=\"wp-image-4552\" srcset=\"https:\/\/www.mopskrasnystaw.pl\/wp-content\/uploads\/2023\/11\/flaga.png 989w, https:\/\/www.mopskrasnystaw.pl\/wp-content\/uploads\/2023\/11\/flaga-300x57.png 300w, https:\/\/www.mopskrasnystaw.pl\/wp-content\/uploads\/2023\/11\/flaga-768x146.png 768w\" sizes=\"(max-width: 989px) 100vw, 989px\" \/><\/figure>\n\n\n\n<p>W zwi\u0105zku z zaakceptowaniem przez Ministra Rodziny i Polityki Spo\u0142ecznej zaktualizowanej listy rekomendowanych wniosk\u00f3w<br>w ramach programu <strong>\u201eOpieka wytchnieniowa\u201d<\/strong> \u2013 edycja 2023 finansowanego z Funduszu Solidarno\u015bciowego \u2013 pa\u0144stwowego funduszu celowego, Miasto Krasnystaw informuje, \u017ce otrzyma\u0142o \u015brodki na realizacj\u0119 Programu \u201eOpieka wytchnieniowa\u201d w ramach pobytu dziennego w miejscu zamieszkania osoby niepe\u0142nosprawnej.<\/p>\n\n\n\n<p>Kwota dofinansowania: &nbsp;<strong>146&nbsp;880,00 z\u0142.<\/strong><\/p>\n\n\n\n<p>Ca\u0142kowita warto\u015b\u0107: <strong>146 880,00 z\u0142.<\/strong><\/p>\n\n\n\n<p>Program trwa <strong>od 01.01.2023 r. do 31.12.2023 r<\/strong>.<\/p>\n\n\n\n<p>G\u0142\u00f3wnym celem Programu jest wsparcie cz\u0142onk\u00f3w rodzin<br>lub opiekun\u00f3w sprawuj\u0105cych bezpo\u015bredni\u0105 opiek\u0119 nad:<\/p>\n\n\n\n<p>1) dzie\u0107mi z orzeczeniem o niepe\u0142nosprawno\u015bci,<\/p>\n\n\n\n<p>2) osobami posiadaj\u0105cymi:<\/p>\n\n\n\n<ol type=\"a\"><li>orzeczenie o znacznym stopniu niepe\u0142nosprawno\u015bci (zgodnie z ustaw\u0105 z dnia 27&nbsp;sierpnia 1997 r. o&nbsp;rehabilitacji zawodowej i spo\u0142ecznej oraz zatrudnianiu os\u00f3b niepe\u0142nosprawnych (Dz. U. z 2021 r. poz. 573) albo<\/li><li>orzeczenie traktowane na r\u00f3wni z orzeczeniem<br>o znacznym stopniu niepe\u0142nosprawno\u015bci (zgodnie z art.<br>5 i art. 62 ww. ustawy z dnia 27&nbsp;sierpnia 1997 r. o rehabilitacji zawodowej i spo\u0142ecznej oraz zatrudnianiu os\u00f3b niepe\u0142nosprawnych)<\/li><\/ol>\n\n\n\n<p>\u2012 poprzez mo\u017cliwo\u015b\u0107 uzyskania dora\u017anej, czasowej pomocy w formie us\u0142ugi opieki wytchnieniowej.<\/p>\n\n\n\n<p>Program ma zapewnia\u0107 w odniesieniu do cz\u0142onk\u00f3w rodzin<br>lub opiekun\u00f3w os\u00f3b niepe\u0142nosprawnych czasowe odci\u0105\u017cenie<br>od codziennych obowi\u0105zk\u00f3w \u0142\u0105cz\u0105cych si\u0119 ze sprawowaniem opieki, zapewnienie czasu na odpoczynek i regeneracj\u0119.<\/p>\n\n\n\n<p>W zwi\u0105zku z powy\u017cszym <strong>Miejski O\u015brodek Pomocy Spo\u0142ecznej<br>w Krasnymstawie<\/strong> informuje, \u017ce mo\u017cna zg\u0142asza\u0107 osoby, kt\u00f3re wymagaj\u0105 zapewnienia takiego wsparcia w ramach Programu.<\/p>\n\n\n\n<p>Uczestnik Programu za us\u0142ugi nie ponosi odp\u0142atno\u015bci.<\/p>\n\n\n\n<p>Karty zg\u0142oszenia do Programu mo\u017cna sk\u0142ada\u0107 do Miejskiego O\u015brodka Pomocy Spo\u0142ecznej w Krasnymstawie ul. Pi\u0142sudskiego 9<\/p>\n\n\n\n<p>W przypadku wi\u0119kszej liczby os\u00f3b zainteresowanych zostanie ustalona lista rezerwowa. Wi\u0119cej informacji:<br><a href=\"https:\/\/www.gov.pl\/web\/rodzina\/ogloszenie-o-naborze-wnioskow-w-ramach-programu-resortowego-ministra-rodziny-i-polityki-spolecznej-opieka-wytchnieniowa---edycja-2023\">https:\/\/www.gov.pl\/web\/rodzina\/ogloszenie-o-naborze-wnioskow-w-ramach-programu-resortowego-ministra-rodziny-i-polityki-spolecznej-opieka-wytchnieniowa&#8212;edycja-2023<\/a><\/p>\n\n\n\n<div class=\"wp-block-file\"><a id=\"wp-block-file--media-b5b5736a-442a-44da-a749-186bb48016cb\" href=\"https:\/\/www.mopskrasnystaw.pl\/wp-content\/uploads\/2023\/07\/Karta_zgloszenia.docx\">Karta_zg\u0142oszenia<\/a><\/div>\n\n\n\n<div class=\"wp-block-file\"><a id=\"wp-block-file--media-5e56d884-8c1e-4235-835d-4d9196625f23\" href=\"https:\/\/www.mopskrasnystaw.pl\/wp-content\/uploads\/2023\/07\/Karta_pomiaru.docx\">Karta_pomiaru<\/a><\/div>\n\n\n\n<div class=\"wp-block-file\"><a id=\"wp-block-file--media-c4726c15-fc39-4730-863f-ab635e33b83c\" href=\"https:\/\/www.mopskrasnystaw.pl\/wp-content\/uploads\/2023\/07\/Klauzula_informacyjna.docx\">Klauzula_informacyjna<\/a><\/div>\n\n\n\n<div class=\"wp-block-file\"><a id=\"wp-block-file--media-629c996b-5baf-454a-8e12-e52e146e2793\" href=\"https:\/\/www.mopskrasnystaw.pl\/wp-content\/uploads\/2023\/07\/oswiadczenie-uczestnika-o-wyborze-osoby-swiadczacej-opieke-wytchnieniowa.docx\">o\u015bwiadczenie uczestnika o wyborze osoby \u015bwiadcz\u0105cej opiek\u0119 wytchnieniow\u0105<\/a><\/div>\n\n\n\n<div class=\"wp-block-file\"><a id=\"wp-block-file--media-e9b89789-3e97-4ab4-bd55-331fbc3472a0\" href=\"https:\/\/www.mopskrasnystaw.pl\/wp-content\/uploads\/2023\/07\/PROGRAM-OPIEKA-WYTCHNIENIOWA_18_10.docx\">PROGRAM OPIEKA WYTCHNIENIOWA<\/a><\/div>\n","protected":false},"excerpt":{"rendered":"<p>W zwi\u0105zku z zaakceptowaniem przez Ministra Rodziny i Polityki Spo\u0142ecznej zaktualizowanej listy rekomendowanych wniosk\u00f3ww ramach programu \u201eOpieka wytchnieniowa\u201d \u2013 edycja 2023 finansowanego z Funduszu Solidarno\u015bciowego \u2013 pa\u0144stwowego funduszu celowego, Miasto Krasnystaw informuje, \u017ce otrzyma\u0142o \u015brodki na realizacj\u0119 Programu \u201eOpieka wytchnieniowa\u201d w ramach pobytu dziennego w miejscu zamieszkania osoby niepe\u0142nosprawnej. Kwota dofinansowania: &nbsp;146&nbsp;880,00 z\u0142. Ca\u0142kowita warto\u015b\u0107: [&hellip;]<\/p>\n","protected":false},"author":3,"featured_media":0,"parent":0,"menu_order":0,"comment_status":"closed","ping_status":"closed","template":"","meta":[],"yoast_head":"<!-- This site is optimized with the Yoast SEO plugin v19.0 - https:\/\/yoast.com\/wordpress\/plugins\/seo\/ -->\n<title>Opieka wytchnieniowa \u2013 edycja 2023 - MOPS Krasnystaw<\/title>\n<meta name=\"robots\" content=\"index, follow, max-snippet:-1, max-image-preview:large, max-video-preview:-1\" \/>\n<link rel=\"canonical\" href=\"https:\/\/www.mopskrasnystaw.pl\/?page_id=3101\" \/>\n<meta property=\"og:locale\" content=\"pl_PL\" \/>\n<meta property=\"og:type\" content=\"article\" \/>\n<meta property=\"og:title\" content=\"Opieka wytchnieniowa \u2013 edycja 2023 - MOPS Krasnystaw\" \/>\n<meta property=\"og:description\" content=\"W zwi\u0105zku z zaakceptowaniem przez Ministra Rodziny i Polityki Spo\u0142ecznej zaktualizowanej listy rekomendowanych wniosk\u00f3ww ramach programu \u201eOpieka wytchnieniowa\u201d \u2013 edycja 2023 finansowanego z Funduszu Solidarno\u015bciowego \u2013 pa\u0144stwowego funduszu celowego, Miasto Krasnystaw informuje, \u017ce otrzyma\u0142o \u015brodki na realizacj\u0119 Programu \u201eOpieka wytchnieniowa\u201d w ramach pobytu dziennego w miejscu zamieszkania osoby niepe\u0142nosprawnej. Kwota dofinansowania: &nbsp;146&nbsp;880,00 z\u0142. Ca\u0142kowita warto\u015b\u0107: [&hellip;]\" \/>\n<meta property=\"og:url\" content=\"https:\/\/www.mopskrasnystaw.pl\/?page_id=3101\" \/>\n<meta property=\"og:site_name\" content=\"MOPS Krasnystaw\" \/>\n<meta property=\"article:modified_time\" content=\"2023-11-20T08:07:16+00:00\" \/>\n<meta property=\"og:image\" content=\"https:\/\/www.mopskrasnystaw.pl\/wp-content\/uploads\/2023\/11\/flaga.png\" \/>\n<meta name=\"twitter:card\" content=\"summary_large_image\" \/>\n<meta name=\"twitter:label1\" content=\"Szacowany czas czytania\" \/>\n\t<meta name=\"twitter:data1\" content=\"2 minuty\" \/>\n<script type=\"application\/ld+json\" class=\"yoast-schema-graph\">{\"@context\":\"https:\/\/schema.org\",\"@graph\":[{\"@type\":\"WebSite\",\"@id\":\"https:\/\/www.mopskrasnystaw.pl\/#website\",\"url\":\"https:\/\/www.mopskrasnystaw.pl\/\",\"name\":\"MOPS Krasnystaw\",\"description\":\"\",\"potentialAction\":[{\"@type\":\"SearchAction\",\"target\":{\"@type\":\"EntryPoint\",\"urlTemplate\":\"https:\/\/www.mopskrasnystaw.pl\/?s={search_term_string}\"},\"query-input\":\"required name=search_term_string\"}],\"inLanguage\":\"pl-PL\"},{\"@type\":\"ImageObject\",\"inLanguage\":\"pl-PL\",\"@id\":\"https:\/\/www.mopskrasnystaw.pl\/?page_id=3101#primaryimage\",\"url\":\"https:\/\/www.mopskrasnystaw.pl\/wp-content\/uploads\/2023\/11\/flaga.png\",\"contentUrl\":\"https:\/\/www.mopskrasnystaw.pl\/wp-content\/uploads\/2023\/11\/flaga.png\",\"width\":989,\"height\":188},{\"@type\":\"WebPage\",\"@id\":\"https:\/\/www.mopskrasnystaw.pl\/?page_id=3101#webpage\",\"url\":\"https:\/\/www.mopskrasnystaw.pl\/?page_id=3101\",\"name\":\"Opieka wytchnieniowa \u2013 edycja 2023 - MOPS Krasnystaw\",\"isPartOf\":{\"@id\":\"https:\/\/www.mopskrasnystaw.pl\/#website\"},\"primaryImageOfPage\":{\"@id\":\"https:\/\/www.mopskrasnystaw.pl\/?page_id=3101#primaryimage\"},\"datePublished\":\"2021-10-15T11:54:05+00:00\",\"dateModified\":\"2023-11-20T08:07:16+00:00\",\"breadcrumb\":{\"@id\":\"https:\/\/www.mopskrasnystaw.pl\/?page_id=3101#breadcrumb\"},\"inLanguage\":\"pl-PL\",\"potentialAction\":[{\"@type\":\"ReadAction\",\"target\":[\"https:\/\/www.mopskrasnystaw.pl\/?page_id=3101\"]}]},{\"@type\":\"BreadcrumbList\",\"@id\":\"https:\/\/www.mopskrasnystaw.pl\/?page_id=3101#breadcrumb\",\"itemListElement\":[{\"@type\":\"ListItem\",\"position\":1,\"name\":\"Strona g\u0142\u00f3wna\",\"item\":\"https:\/\/www.mopskrasnystaw.pl\/\"},{\"@type\":\"ListItem\",\"position\":2,\"name\":\"Opieka wytchnieniowa \u2013 edycja 2023\"}]}]}<\/script>\n<!-- \/ Yoast SEO plugin. -->","yoast_head_json":{"title":"Opieka wytchnieniowa \u2013 edycja 2023 - MOPS Krasnystaw","robots":{"index":"index","follow":"follow","max-snippet":"max-snippet:-1","max-image-preview":"max-image-preview:large","max-video-preview":"max-video-preview:-1"},"canonical":"https:\/\/www.mopskrasnystaw.pl\/?page_id=3101","og_locale":"pl_PL","og_type":"article","og_title":"Opieka wytchnieniowa \u2013 edycja 2023 - MOPS Krasnystaw","og_description":"W zwi\u0105zku z zaakceptowaniem przez Ministra Rodziny i Polityki Spo\u0142ecznej zaktualizowanej listy rekomendowanych wniosk\u00f3ww ramach programu \u201eOpieka wytchnieniowa\u201d \u2013 edycja 2023 finansowanego z Funduszu Solidarno\u015bciowego \u2013 pa\u0144stwowego funduszu celowego, Miasto Krasnystaw informuje, \u017ce otrzyma\u0142o \u015brodki na realizacj\u0119 Programu \u201eOpieka wytchnieniowa\u201d w ramach pobytu dziennego w miejscu zamieszkania osoby niepe\u0142nosprawnej. Kwota dofinansowania: &nbsp;146&nbsp;880,00 z\u0142. Ca\u0142kowita warto\u015b\u0107: [&hellip;]","og_url":"https:\/\/www.mopskrasnystaw.pl\/?page_id=3101","og_site_name":"MOPS Krasnystaw","article_modified_time":"2023-11-20T08:07:16+00:00","og_image":[{"url":"https:\/\/www.mopskrasnystaw.pl\/wp-content\/uploads\/2023\/11\/flaga.png"}],"twitter_card":"summary_large_image","twitter_misc":{"Szacowany czas czytania":"2 minuty"},"schema":{"@context":"https:\/\/schema.org","@graph":[{"@type":"WebSite","@id":"https:\/\/www.mopskrasnystaw.pl\/#website","url":"https:\/\/www.mopskrasnystaw.pl\/","name":"MOPS Krasnystaw","description":"","potentialAction":[{"@type":"SearchAction","target":{"@type":"EntryPoint","urlTemplate":"https:\/\/www.mopskrasnystaw.pl\/?s={search_term_string}"},"query-input":"required name=search_term_string"}],"inLanguage":"pl-PL"},{"@type":"ImageObject","inLanguage":"pl-PL","@id":"https:\/\/www.mopskrasnystaw.pl\/?page_id=3101#primaryimage","url":"https:\/\/www.mopskrasnystaw.pl\/wp-content\/uploads\/2023\/11\/flaga.png","contentUrl":"https:\/\/www.mopskrasnystaw.pl\/wp-content\/uploads\/2023\/11\/flaga.png","width":989,"height":188},{"@type":"WebPage","@id":"https:\/\/www.mopskrasnystaw.pl\/?page_id=3101#webpage","url":"https:\/\/www.mopskrasnystaw.pl\/?page_id=3101","name":"Opieka wytchnieniowa \u2013 edycja 2023 - MOPS Krasnystaw","isPartOf":{"@id":"https:\/\/www.mopskrasnystaw.pl\/#website"},"primaryImageOfPage":{"@id":"https:\/\/www.mopskrasnystaw.pl\/?page_id=3101#primaryimage"},"datePublished":"2021-10-15T11:54:05+00:00","dateModified":"2023-11-20T08:07:16+00:00","breadcrumb":{"@id":"https:\/\/www.mopskrasnystaw.pl\/?page_id=3101#breadcrumb"},"inLanguage":"pl-PL","potentialAction":[{"@type":"ReadAction","target":["https:\/\/www.mopskrasnystaw.pl\/?page_id=3101"]}]},{"@type":"BreadcrumbList","@id":"https:\/\/www.mopskrasnystaw.pl\/?page_id=3101#breadcrumb","itemListElement":[{"@type":"ListItem","position":1,"name":"Strona g\u0142\u00f3wna","item":"https:\/\/www.mopskrasnystaw.pl\/"},{"@type":"ListItem","position":2,"name":"Opieka wytchnieniowa \u2013 edycja 2023"}]}]}},"_links":{"self":[{"href":"https:\/\/www.mopskrasnystaw.pl\/index.php?rest_route=\/wp\/v2\/pages\/3101"}],"collection":[{"href":"https:\/\/www.mopskrasnystaw.pl\/index.php?rest_route=\/wp\/v2\/pages"}],"about":[{"href":"https:\/\/www.mopskrasnystaw.pl\/index.php?rest_route=\/wp\/v2\/types\/page"}],"author":[{"embeddable":true,"href":"https:\/\/www.mopskrasnystaw.pl\/index.php?rest_route=\/wp\/v2\/users\/3"}],"replies":[{"embeddable":true,"href":"https:\/\/www.mopskrasnystaw.pl\/index.php?rest_route=%2Fwp%2Fv2%2Fcomments&post=3101"}],"version-history":[{"count":2,"href":"https:\/\/www.mopskrasnystaw.pl\/index.php?rest_route=\/wp\/v2\/pages\/3101\/revisions"}],"predecessor-version":[{"id":4553,"href":"https:\/\/www.mopskrasnystaw.pl\/index.php?rest_route=\/wp\/v2\/pages\/3101\/revisions\/4553"}],"wp:attachment":[{"href":"https:\/\/www.mopskrasnystaw.pl\/index.php?rest_route=%2Fwp%2Fv2%2Fmedia&parent=3101"}],"curies":[{"name":"wp","href":"https:\/\/api.w.org\/{rel}","templated":true}]}}