{"id":2277,"date":"2021-03-11T08:17:13","date_gmt":"2021-03-11T08:17:13","guid":{"rendered":"http:\/\/www.mopskrasnystaw.pl\/?page_id=2277"},"modified":"2023-08-21T09:41:38","modified_gmt":"2023-08-21T09:41:38","slug":"2277-2","status":"publish","type":"page","link":"https:\/\/www.mopskrasnystaw.pl\/?page_id=2277","title":{"rendered":"CIS Krasnystaw \u2013 Akcja \u2013 Reintegracja!"},"content":{"rendered":"<div class=\"wp-block-image\">\n<figure class=\"alignleft\"><img src=\"http:\/\/www.mopskrasnystaw.pl\/wp-content\/uploads\/2021\/03\/001_10022021_115034-280x162.jpg\" alt=\"\" class=\"wp-image-2278\"\/><\/figure><\/div>\n\n\n<p><strong>\u201eCIS Krasnystaw \u2013 Akcja \u2013 Reintegracja!\u201d<\/strong>&nbsp;\u2013 to ju\u017c trzeci projekt Miejskiego O\u015brodka Pomocy Spo\u0142ecznej, kt\u00f3ry otrzyma\u0142 dofinansowanie ze \u015brodk\u00f3w Unii Europejskiej.<br>W pi\u0105tek 13 grudnia 2019 r. w siedzibie Wojew\u00f3dzkiego Urz\u0119du Pracy w Lublinie dyrektor Miejskiego O\u015brodka Pomocy Spo\u0142ecznej w Krasnymstawie Pan Mariusz Antoniak oraz skarbnik miasta Krasnystaw Pani Patrycja Zdybel podpisali umow\u0119 o dofinansowanie projektu<strong>&nbsp;\u201e CIS Krasnystaw \u2013 Akcja \u2013 Reintegracja!\u201d<\/strong><br><strong>Planowana warto\u015b\u0107 projektu to 1 490 900,86 z\u0142, a kwota dofinansowania to 1 267 252,48 z\u0142.<\/strong><\/p>\n\n\n\n<p>Projekt powsta\u0142 przy wsp\u00f3\u0142pracy Miejskiego O\u015brodka Pomocy Spo\u0142ecznej w Krasnymstawie z Centrum Integracji Spo\u0142ecznej w Krasnymstawie.<\/p>\n\n\n\n<p>Termin realizacji projektu to 01.04.2020 r. \u2013 30.04.2023 r.<\/p>\n\n\n\n<p>Projekt skierowany jest do 45 (3 edycje po 15) mieszka\u0144c\u00f3w Krasnegostawu pozostaj\u0105cych bez zatrudnienia.<\/p>\n\n\n\n<p>Celem g\u0142\u00f3wnym projektu jest zahamowanie zjawiska uzale\u017cniania od pomocy spo\u0142ecznej i dziedziczenia ub\u00f3stwa oraz poprawa dost\u0119pu do rynku pracy z wykorzystaniem us\u0142ug plac\u00f3wki reinteracyjnej CIS poprzez obj\u0119cie kompleksowym wsparciem tj. kontraktem socjalnym w MOPS, diagnoz\u0105, Indywidualnym<br>Programem Zatrudnienia Socjalnego oraz kompleksow\u0105 \u015bcie\u017ck\u0105 reintegracji spo\u0142ecznej i zawodowej w CIS 45 uczestnik\u00f3w 23K i 22M z grupy os\u00f3b wykluczonych lub os\u00f3b zagro\u017conych ub\u00f3stwem lub wykluczeniem spo\u0142ecznym z terenu M.Krasnystaw w okr.od 01.09.2020 do 30.09.2023 r.<br>Projekt przyczyni si\u0119 do osiagni\u0119cia celu szczeg\u00f3\u0142owego RPOWL, gdy\u017c poprzez realizacj\u0119 kompleksowego programu reintegracji spo\u0142ecznej i zawodowej umo\u017cliwi i u\u0142atwi uczestnikom wej\u015bcie na otwarty rynek pracy.<\/p>\n\n\n\n<p>W ramach projektu zaplanowano realizacj\u0119 3 edycji kompleksowego wsparcia reintegracji spo\u0142ecznej i zawodowej prowadzonej przez Centrum Integracji Spo\u0142ecznej w Krasnymstawie.<\/p>\n\n\n\n<p>Planowane jest wsparcie z zakresu:<\/p>\n\n\n\n<p><strong>Reintegracji spo\u0142ecznej w formie :<\/strong><br>&#8211; Indywidualne poradnictwo psychologiczne\/ terapeutyczne\/prawne\/ zawodowe;<br>&#8211; Warsztaty aktywizacji zawodowej;<br>&#8211; Warsztaty umiej\u0119tno\u015bci spo\u0142ecznych;<br>&#8211; Zaj\u0119cia terapeutyczne\/ prawne<br>&#8211; Warsztaty integracyjne<br><strong>Reintegracji zawodowej w formie :<\/strong><br>&#8211; Indywidualne poradnictwo zawodowe;<br>&#8211; Przyuczenie do zawodu robotnik oczyszczania miasta\/ Opiekunka os\u00f3b starszych i opiekunka dzieci\u0119ca\/ Technolog rob\u00f3t wyko\u0144czeniowych w budownictwie.<\/p>\n\n\n\n<p>oraz sta\u0142a praca socjalna z uczestnikiem jak r\u00f3wnie\u017c jego najbli\u017cszym otoczeniem prowadzona przez pracownik\u00f3w socjalnych Miejskiego O\u015brodka Pomocy Spo\u0142ecznej w Krasnymstawie.<\/p>\n\n\n\n<p>Ka\u017cda z edycji zaplanowana jest do realizacji w okresie rocznym tj. 12 miesi\u0119cy.<\/p>\n\n\n\n<p>PLANOWANE EFEKTY REALIZACJI PROJEKTU<br><\/p>\n\n\n\n<p>1. Realizacja kontrakt\u00f3w socjalnych dla 45U(23K i 22M) klient\u00f3w MOPS w okr.od 01.09.2020 do 30.09.2023<br><\/p>\n\n\n\n<p>2. Przeprowadzenie diagnozy oraz opracowanie i realizacja<br>Indywidualnego Programu Zatrudnienia Socjalnego dla 45U<br>(23K i 23M) z ter.M.Krasnystaw w okr.od 1.09.2020 do<br>30.09.2023r.(Realizator CIS)<\/p>\n\n\n\n<p>3. Realizacja dzia\u0142a\u0144 reintegracji spo\u0142ecznej w CIS dla 45U 23K i<br>22M na ter.M.Krasnystaw w okr.od od 1.10.2020 do<br>30.09.2023r. (Realizator CIS)<\/p>\n\n\n\n<p>4. Realizacja dzia\u0142a\u0144 reintegracji zawodowej w Centrum<br>Integracji Spo\u0142ecznej dla 45U (23K i 22M) na<br>ter.M.Krasnystaw w okr.od 1.10.2020 do 30.09.2023r.<br>(Realizator CIS)<\/p>\n\n\n<div class=\"wp-block-image\">\n<figure class=\"alignleft\"><img loading=\"lazy\" width=\"616\" height=\"110\" class=\"wp-image-2279 aligncenter\" src=\"https:\/\/www.mopskrasnystaw.pl\/wp-content\/uploads\/2021\/03\/naklejka.png\" alt=\"\" srcset=\"https:\/\/www.mopskrasnystaw.pl\/wp-content\/uploads\/2021\/03\/naklejka.png 616w, https:\/\/www.mopskrasnystaw.pl\/wp-content\/uploads\/2021\/03\/naklejka-300x54.png 300w\" sizes=\"(max-width: 616px) 100vw, 616px\" \/><\/figure>\n<\/div>\n\n\n<p><\/p>\n\n\n\n<p><\/p>\n\n\n\n<p><p><a href=\"https:\/\/www.mopskrasnystaw.pl\/wp-content\/uploads\/2022\/07\/HARMONOGRAM-REALIZACJI-WSPARCIA-W-PROJEKCIE-W-MIESIACU-LUTYM-2021.pdf\">Harmonogram luty 2021<\/a><\/p> <p>\u00a0<\/p> <p>\u00a0<\/p> <p><a href=\"https:\/\/www.mopskrasnystaw.pl\/wp-content\/uploads\/2021\/07\/002_09072021_084748.jpg\"><img loading=\"lazy\" width=\"243\" height=\"350\" class=\"alignleft size-large wp-image-2991\" src=\"http:\/\/www.mopskrasnystaw.pl\/wp-content\/uploads\/2021\/07\/002_09072021_084748-243x350.jpg\" alt=\"\"><\/a><\/p><\/p>\n","protected":false},"excerpt":{"rendered":"<p>\u201eCIS Krasnystaw \u2013 Akcja \u2013 Reintegracja!\u201d&nbsp;\u2013 to ju\u017c trzeci projekt Miejskiego O\u015brodka Pomocy Spo\u0142ecznej, kt\u00f3ry otrzyma\u0142 dofinansowanie ze \u015brodk\u00f3w Unii Europejskiej.W pi\u0105tek 13 grudnia 2019 r. w siedzibie Wojew\u00f3dzkiego Urz\u0119du Pracy w Lublinie dyrektor Miejskiego O\u015brodka Pomocy Spo\u0142ecznej w Krasnymstawie Pan Mariusz Antoniak oraz skarbnik miasta Krasnystaw Pani Patrycja Zdybel podpisali umow\u0119 o dofinansowanie projektu&nbsp;\u201e [&hellip;]<\/p>\n","protected":false},"author":1,"featured_media":0,"parent":0,"menu_order":0,"comment_status":"closed","ping_status":"closed","template":"","meta":[],"yoast_head":"<!-- This site is optimized with the Yoast SEO plugin v19.0 - https:\/\/yoast.com\/wordpress\/plugins\/seo\/ -->\n<title>CIS Krasnystaw \u2013 Akcja \u2013 Reintegracja! - MOPS Krasnystaw<\/title>\n<meta name=\"robots\" content=\"index, follow, max-snippet:-1, max-image-preview:large, max-video-preview:-1\" \/>\n<link rel=\"canonical\" href=\"https:\/\/www.mopskrasnystaw.pl\/?page_id=2277\" \/>\n<meta property=\"og:locale\" content=\"pl_PL\" \/>\n<meta property=\"og:type\" content=\"article\" \/>\n<meta property=\"og:title\" content=\"CIS Krasnystaw \u2013 Akcja \u2013 Reintegracja! - MOPS Krasnystaw\" \/>\n<meta property=\"og:description\" content=\"\u201eCIS Krasnystaw \u2013 Akcja \u2013 Reintegracja!\u201d&nbsp;\u2013 to ju\u017c trzeci projekt Miejskiego O\u015brodka Pomocy Spo\u0142ecznej, kt\u00f3ry otrzyma\u0142 dofinansowanie ze \u015brodk\u00f3w Unii Europejskiej.W pi\u0105tek 13 grudnia 2019 r. w siedzibie Wojew\u00f3dzkiego Urz\u0119du Pracy w Lublinie dyrektor Miejskiego O\u015brodka Pomocy Spo\u0142ecznej w Krasnymstawie Pan Mariusz Antoniak oraz skarbnik miasta Krasnystaw Pani Patrycja Zdybel podpisali umow\u0119 o dofinansowanie projektu&nbsp;\u201e [&hellip;]\" \/>\n<meta property=\"og:url\" content=\"https:\/\/www.mopskrasnystaw.pl\/?page_id=2277\" \/>\n<meta property=\"og:site_name\" content=\"MOPS Krasnystaw\" \/>\n<meta property=\"article:modified_time\" content=\"2023-08-21T09:41:38+00:00\" \/>\n<meta property=\"og:image\" content=\"http:\/\/www.mopskrasnystaw.pl\/wp-content\/uploads\/2021\/03\/001_10022021_115034-280x162.jpg\" \/>\n<meta name=\"twitter:card\" content=\"summary_large_image\" \/>\n<meta name=\"twitter:label1\" content=\"Szacowany czas czytania\" \/>\n\t<meta name=\"twitter:data1\" content=\"4 minuty\" \/>\n<script type=\"application\/ld+json\" class=\"yoast-schema-graph\">{\"@context\":\"https:\/\/schema.org\",\"@graph\":[{\"@type\":\"WebSite\",\"@id\":\"https:\/\/www.mopskrasnystaw.pl\/#website\",\"url\":\"https:\/\/www.mopskrasnystaw.pl\/\",\"name\":\"MOPS Krasnystaw\",\"description\":\"\",\"potentialAction\":[{\"@type\":\"SearchAction\",\"target\":{\"@type\":\"EntryPoint\",\"urlTemplate\":\"https:\/\/www.mopskrasnystaw.pl\/?s={search_term_string}\"},\"query-input\":\"required name=search_term_string\"}],\"inLanguage\":\"pl-PL\"},{\"@type\":\"ImageObject\",\"inLanguage\":\"pl-PL\",\"@id\":\"https:\/\/www.mopskrasnystaw.pl\/?page_id=2277#primaryimage\",\"url\":\"http:\/\/www.mopskrasnystaw.pl\/wp-content\/uploads\/2021\/03\/001_10022021_115034-280x162.jpg\",\"contentUrl\":\"http:\/\/www.mopskrasnystaw.pl\/wp-content\/uploads\/2021\/03\/001_10022021_115034-280x162.jpg\"},{\"@type\":\"WebPage\",\"@id\":\"https:\/\/www.mopskrasnystaw.pl\/?page_id=2277#webpage\",\"url\":\"https:\/\/www.mopskrasnystaw.pl\/?page_id=2277\",\"name\":\"CIS Krasnystaw \u2013 Akcja \u2013 Reintegracja! - MOPS Krasnystaw\",\"isPartOf\":{\"@id\":\"https:\/\/www.mopskrasnystaw.pl\/#website\"},\"primaryImageOfPage\":{\"@id\":\"https:\/\/www.mopskrasnystaw.pl\/?page_id=2277#primaryimage\"},\"datePublished\":\"2021-03-11T08:17:13+00:00\",\"dateModified\":\"2023-08-21T09:41:38+00:00\",\"breadcrumb\":{\"@id\":\"https:\/\/www.mopskrasnystaw.pl\/?page_id=2277#breadcrumb\"},\"inLanguage\":\"pl-PL\",\"potentialAction\":[{\"@type\":\"ReadAction\",\"target\":[\"https:\/\/www.mopskrasnystaw.pl\/?page_id=2277\"]}]},{\"@type\":\"BreadcrumbList\",\"@id\":\"https:\/\/www.mopskrasnystaw.pl\/?page_id=2277#breadcrumb\",\"itemListElement\":[{\"@type\":\"ListItem\",\"position\":1,\"name\":\"Strona g\u0142\u00f3wna\",\"item\":\"https:\/\/www.mopskrasnystaw.pl\/\"},{\"@type\":\"ListItem\",\"position\":2,\"name\":\"CIS Krasnystaw \u2013 Akcja \u2013 Reintegracja!\"}]}]}<\/script>\n<!-- \/ Yoast SEO plugin. -->","yoast_head_json":{"title":"CIS Krasnystaw \u2013 Akcja \u2013 Reintegracja! - MOPS Krasnystaw","robots":{"index":"index","follow":"follow","max-snippet":"max-snippet:-1","max-image-preview":"max-image-preview:large","max-video-preview":"max-video-preview:-1"},"canonical":"https:\/\/www.mopskrasnystaw.pl\/?page_id=2277","og_locale":"pl_PL","og_type":"article","og_title":"CIS Krasnystaw \u2013 Akcja \u2013 Reintegracja! - MOPS Krasnystaw","og_description":"\u201eCIS Krasnystaw \u2013 Akcja \u2013 Reintegracja!\u201d&nbsp;\u2013 to ju\u017c trzeci projekt Miejskiego O\u015brodka Pomocy Spo\u0142ecznej, kt\u00f3ry otrzyma\u0142 dofinansowanie ze \u015brodk\u00f3w Unii Europejskiej.W pi\u0105tek 13 grudnia 2019 r. w siedzibie Wojew\u00f3dzkiego Urz\u0119du Pracy w Lublinie dyrektor Miejskiego O\u015brodka Pomocy Spo\u0142ecznej w Krasnymstawie Pan Mariusz Antoniak oraz skarbnik miasta Krasnystaw Pani Patrycja Zdybel podpisali umow\u0119 o dofinansowanie projektu&nbsp;\u201e [&hellip;]","og_url":"https:\/\/www.mopskrasnystaw.pl\/?page_id=2277","og_site_name":"MOPS Krasnystaw","article_modified_time":"2023-08-21T09:41:38+00:00","og_image":[{"url":"http:\/\/www.mopskrasnystaw.pl\/wp-content\/uploads\/2021\/03\/001_10022021_115034-280x162.jpg"}],"twitter_card":"summary_large_image","twitter_misc":{"Szacowany czas czytania":"4 minuty"},"schema":{"@context":"https:\/\/schema.org","@graph":[{"@type":"WebSite","@id":"https:\/\/www.mopskrasnystaw.pl\/#website","url":"https:\/\/www.mopskrasnystaw.pl\/","name":"MOPS Krasnystaw","description":"","potentialAction":[{"@type":"SearchAction","target":{"@type":"EntryPoint","urlTemplate":"https:\/\/www.mopskrasnystaw.pl\/?s={search_term_string}"},"query-input":"required name=search_term_string"}],"inLanguage":"pl-PL"},{"@type":"ImageObject","inLanguage":"pl-PL","@id":"https:\/\/www.mopskrasnystaw.pl\/?page_id=2277#primaryimage","url":"http:\/\/www.mopskrasnystaw.pl\/wp-content\/uploads\/2021\/03\/001_10022021_115034-280x162.jpg","contentUrl":"http:\/\/www.mopskrasnystaw.pl\/wp-content\/uploads\/2021\/03\/001_10022021_115034-280x162.jpg"},{"@type":"WebPage","@id":"https:\/\/www.mopskrasnystaw.pl\/?page_id=2277#webpage","url":"https:\/\/www.mopskrasnystaw.pl\/?page_id=2277","name":"CIS Krasnystaw \u2013 Akcja \u2013 Reintegracja! - MOPS Krasnystaw","isPartOf":{"@id":"https:\/\/www.mopskrasnystaw.pl\/#website"},"primaryImageOfPage":{"@id":"https:\/\/www.mopskrasnystaw.pl\/?page_id=2277#primaryimage"},"datePublished":"2021-03-11T08:17:13+00:00","dateModified":"2023-08-21T09:41:38+00:00","breadcrumb":{"@id":"https:\/\/www.mopskrasnystaw.pl\/?page_id=2277#breadcrumb"},"inLanguage":"pl-PL","potentialAction":[{"@type":"ReadAction","target":["https:\/\/www.mopskrasnystaw.pl\/?page_id=2277"]}]},{"@type":"BreadcrumbList","@id":"https:\/\/www.mopskrasnystaw.pl\/?page_id=2277#breadcrumb","itemListElement":[{"@type":"ListItem","position":1,"name":"Strona g\u0142\u00f3wna","item":"https:\/\/www.mopskrasnystaw.pl\/"},{"@type":"ListItem","position":2,"name":"CIS Krasnystaw \u2013 Akcja \u2013 Reintegracja!"}]}]}},"_links":{"self":[{"href":"https:\/\/www.mopskrasnystaw.pl\/index.php?rest_route=\/wp\/v2\/pages\/2277"}],"collection":[{"href":"https:\/\/www.mopskrasnystaw.pl\/index.php?rest_route=\/wp\/v2\/pages"}],"about":[{"href":"https:\/\/www.mopskrasnystaw.pl\/index.php?rest_route=\/wp\/v2\/types\/page"}],"author":[{"embeddable":true,"href":"https:\/\/www.mopskrasnystaw.pl\/index.php?rest_route=\/wp\/v2\/users\/1"}],"replies":[{"embeddable":true,"href":"https:\/\/www.mopskrasnystaw.pl\/index.php?rest_route=%2Fwp%2Fv2%2Fcomments&post=2277"}],"version-history":[{"count":3,"href":"https:\/\/www.mopskrasnystaw.pl\/index.php?rest_route=\/wp\/v2\/pages\/2277\/revisions"}],"predecessor-version":[{"id":4517,"href":"https:\/\/www.mopskrasnystaw.pl\/index.php?rest_route=\/wp\/v2\/pages\/2277\/revisions\/4517"}],"wp:attachment":[{"href":"https:\/\/www.mopskrasnystaw.pl\/index.php?rest_route=%2Fwp%2Fv2%2Fmedia&parent=2277"}],"curies":[{"name":"wp","href":"https:\/\/api.w.org\/{rel}","templated":true}]}}