{"id":2200,"date":"2021-03-03T13:40:09","date_gmt":"2021-03-03T13:40:09","guid":{"rendered":"http:\/\/www.mopskrasnystaw.pl\/?page_id=2200"},"modified":"2021-03-03T13:40:09","modified_gmt":"2021-03-03T13:40:09","slug":"projekt-aktywnosc-poplaca-informacje","status":"publish","type":"page","link":"https:\/\/www.mopskrasnystaw.pl\/?page_id=2200","title":{"rendered":"Projekt: Aktywno\u015b\u0107 pop\u0142aca &#8211; informacje"},"content":{"rendered":"\n<figure class=\"wp-block-image\"><img loading=\"lazy\" width=\"600\" height=\"74\" src=\"https:\/\/www.mopskrasnystaw.pl\/wp-content\/uploads\/2021\/03\/logo_projekt.png\" alt=\"\" class=\"wp-image-2199\" srcset=\"https:\/\/www.mopskrasnystaw.pl\/wp-content\/uploads\/2021\/03\/logo_projekt.png 600w, https:\/\/www.mopskrasnystaw.pl\/wp-content\/uploads\/2021\/03\/logo_projekt-300x37.png 300w\" sizes=\"(max-width: 600px) 100vw, 600px\" \/><\/figure>\n\n\n\n<p>Miejski O\u015brodek Pomocy Spo\u0142ecznej w Krasnymstawie informuje, \u017ce realizuje projekt konkursowy&nbsp;<strong>&#8222;Aktywno\u015b\u0107 pop\u0142aca&#8221;<\/strong>, na podstawie umowy z Wojew\u00f3dzkim Urz\u0119dem Pracy pe\u0142ni\u0105cym rol\u0119 Instytucji Po\u015brednicz\u0105cej, w ramach Regionalnego Programu Operacyjnego Wojew\u00f3dztwa Lubelskiego na lata 2014-2020, Osi Priorytetowej 11 W\u0142\u0105czenie spo\u0142eczne, Dzia\u0142ania 11.1 Aktywne w\u0142\u0105czenie.<\/p>\n\n\n\n<p>Projekt jest wsp\u00f3\u0142finansowany ze \u015brodk\u00f3w UE &#8211; Europejskiego Funduszu Spo\u0142ecznego.<\/p>\n\n\n\n<p><strong>Celem projektu<\/strong>&nbsp;jest wzrost integracji spo\u0142ecznej oraz poprawa dost\u0119pu do rynku pracy 80 Klient\u00f3w Miejskiego O\u015brodka Pomocy Spo\u0142ecznej w Krasnymstawie wykluczonych spo\u0142ecznie lub zagro\u017conych wykluczeniem spo\u0142ecznym poprzez realizacj\u0119 kompleksowych program\u00f3w aktywizacji i integracji spo\u0142ecznej i zawodowej.<br><strong>Grup\u0119 docelow\u0105<\/strong>&nbsp;stanowi\u0105 Klienci Miejskiego O\u015brodka Pomocy Spo\u0142ecznej w Krasnymstawie: osoby pozostaj\u0105ce poza rynkiem, w wieku 21-58 lat, pozostaj\u0105ce bez zatrudnienia, posiadaj\u0105ce problemy spo\u0142eczne, niskie kwalifikacje, niepe\u0142nosprawno\u015b\u0107.<br>Projekt zak\u0142ada realizacj\u0119 3 program\u00f3w dostosowanych do potrzeb poszczeg\u00f3lnych grup docelowych tj.:<br>&#8211; Program Aktywizacja i Integracja jest skierowany do 30 os\u00f3b bezrobotnych zarejestrowanych w Powiatowym Urz\u0119dzie Pracy, z ustalonym III profilem pomocy, os\u00f3b z deficytami spo\u0142ecznymi.<br>&#8211; Program Aktywno\u015bci Lokalnej jest skierowany do 30 kobiet, pozostaj\u0105cych bez zatrudnienia, wykluczonych spo\u0142ecznie z uwagi na wyst\u0119powanie specyficznych problem\u00f3w: samotne rodzicielstwo i bezradno\u015b\u0107, przemoc w rodzinie, d\u0142ugotrwa\u0142\u0105 \/ci\u0119\u017ck\u0105 chorob\u0119.<br>&#8211; Indywidualne programy zatrudnienia CIS jest skierowany do 20 os\u00f3b, pozostaj\u0105cych bez zatrudnienia, o s\u0142abych lub niedostosowanych do rynku pracy kwalifikacjach zawodowych, nie b\u0119d\u0105cych w stanie w\u0142asnym staraniem zaspokoi\u0107 swoich podstawowych potrzeb \u017cyciowych i znajduj\u0105cych si\u0119 w sytuacji powoduj\u0105cej ub\u00f3stwo oraz uniemo\u017cliwiaj\u0105cej lub ograniczaj\u0105cej uczestnictwo w \u017cyciu zawodowym, spo\u0142ecznym i rodzinnym.<br>W\u015br\u00f3d uczestnik\u00f3w projektu co najmniej 50% tj. min. 40 uczestnik\u00f3w stanowi\u0142y b\u0119d\u0105 osoby korzystaj\u0105ce ze wsparcia w ramach PO Pomoc \u017bywno\u015bciowa 2014-2020.<\/p>\n\n\n\n<p><strong>G\u0142\u00f3wnymi rezultatami<\/strong>&nbsp;projektu b\u0119dzie wdro\u017cenie 3 program\u00f3w, osi\u0105gni\u0119cie efektywno\u015bci spo\u0142ecznej i zatrudnieniowej oraz zwi\u0119kszenie potencja\u0142u osobowo\u015bciowego uczestnik\u00f3w, ich motywacji i wiary oraz poprawa ich funkcjonowania w spo\u0142ecze\u0144stwie.<\/p>\n\n\n\n<p>W ramach projektu przewidziane s\u0105 nast\u0119puj\u0105ce formy wsparcia:<br><strong>\u2022 Program Aktywizacja i Integracja<\/strong><br>&#8211; AKTYWIZACJA ZAWODOWA<br>Prace spo\u0142ecznie u\u017cyteczne wdra\u017cane przez Powiatowy Urz\u0105d Pracy w Krasnymstawie.<br>&#8211; AKTYWIZACJA SPO\u0141ECZNA<br>Cykl I : Trening kompetencji i umiej\u0119tno\u015bci spo\u0142ecznych, Grupa wsparcia;<br>Cykl II : Trening kompetencji cyfrowych, Warsztaty gospodarowania bud\u017cetem domowym, Grupa wsparcia;<br>Cykl III : Warsztaty zdrowego stylu \u017cycia, Trening kompetencji i umiej\u0119tno\u015bci spo\u0142ecznych, Warsztaty gospodarowania bud\u017cetem domowym, Grupa wsparcia.<\/p>\n\n\n\n<p><strong>\u2022 Program Aktywno\u015bci Lokalnej<\/strong><br>&#8211; AKTYWIZACJA SPO\u0141ECZNA<br>Warsztaty aktywizacyjno\u2013motywacyjne, Warsztaty autoprezentacji i kreowania wizerunku, Warsztaty edukacyjne, Warsztaty kulinarne \u201etanie gotowanie&#8221;, Indywidualne poradnictwo specjalistycznego, Trening kompetencji i umiej\u0119tno\u015bci spo\u0142ecznych, Grupa wsparcia, Dzia\u0142ania \u015brodowiskowe w formie festynu rodzinnego;<br>&#8211; AKTYWIZACJA ZAWODOWA \u2013 Realizator Centrum Integracji Spo\u0142ecznej w Krasnymstawie<br>Warsztaty aktywizacji zawodowej, Szkolenia zawodowe (Cukiernik \/ Piekarz, Opiekun os\u00f3b starszych)<br>Sta\u017ce zawodowe.<\/p>\n\n\n\n<p><strong>\u2022 Indywidualny Program Zatrudnienia CIS<\/strong>&nbsp;&#8211; Realizator Centrum Integracji Spo\u0142ecznej w Krasnymstawie<br>&#8211; REINTEGRACJA ZAWODOWA<br>Grupy: Poligraficzno-Introligatorska, Stolarsko-Remontowa, Ogrodniczo-Porz\u0105dkowa.<br>&#8211; REINTEGRACJA SPO\u0141ECZNA<br>Warsztaty z doradztwa zawodowego i motywacji , Edukacja og\u00f3lna i zdrowotna, Psychoedukacja, Zaj\u0119cia integracyjno manualne, Warsztaty komputerowe.<\/p>\n\n\n\n<p><strong>Okres realizacji projektu<\/strong>: 1 listopad 2017r. \u2013 30 wrzesie\u0144 2020r.<\/p>\n\n\n\n<p><strong>Ca\u0142kowita warto\u015b\u0107 projektu<\/strong>: 1 440 285,80 z\u0142.;<br><strong>Kwota dofinansowania<\/strong>: 1 224 242,93 z\u0142.<\/p>\n","protected":false},"excerpt":{"rendered":"<p>Miejski O\u015brodek Pomocy Spo\u0142ecznej w Krasnymstawie informuje, \u017ce realizuje projekt konkursowy&nbsp;&#8222;Aktywno\u015b\u0107 pop\u0142aca&#8221;, na podstawie umowy z Wojew\u00f3dzkim Urz\u0119dem Pracy pe\u0142ni\u0105cym rol\u0119 Instytucji Po\u015brednicz\u0105cej, w ramach Regionalnego Programu Operacyjnego Wojew\u00f3dztwa Lubelskiego na lata 2014-2020, Osi Priorytetowej 11 W\u0142\u0105czenie spo\u0142eczne, Dzia\u0142ania 11.1 Aktywne w\u0142\u0105czenie. Projekt jest wsp\u00f3\u0142finansowany ze \u015brodk\u00f3w UE &#8211; Europejskiego Funduszu Spo\u0142ecznego. Celem projektu&nbsp;jest wzrost [&hellip;]<\/p>\n","protected":false},"author":1,"featured_media":0,"parent":0,"menu_order":0,"comment_status":"closed","ping_status":"closed","template":"","meta":[],"yoast_head":"<!-- This site is optimized with the Yoast SEO plugin v19.0 - https:\/\/yoast.com\/wordpress\/plugins\/seo\/ -->\n<title>Projekt: Aktywno\u015b\u0107 pop\u0142aca - informacje - MOPS Krasnystaw<\/title>\n<meta name=\"robots\" content=\"index, follow, max-snippet:-1, max-image-preview:large, max-video-preview:-1\" \/>\n<link rel=\"canonical\" href=\"https:\/\/www.mopskrasnystaw.pl\/?page_id=2200\" \/>\n<meta property=\"og:locale\" content=\"pl_PL\" \/>\n<meta property=\"og:type\" content=\"article\" \/>\n<meta property=\"og:title\" content=\"Projekt: Aktywno\u015b\u0107 pop\u0142aca - informacje - MOPS Krasnystaw\" \/>\n<meta property=\"og:description\" content=\"Miejski O\u015brodek Pomocy Spo\u0142ecznej w Krasnymstawie informuje, \u017ce realizuje projekt konkursowy&nbsp;&#8222;Aktywno\u015b\u0107 pop\u0142aca&#8221;, na podstawie umowy z Wojew\u00f3dzkim Urz\u0119dem Pracy pe\u0142ni\u0105cym rol\u0119 Instytucji Po\u015brednicz\u0105cej, w ramach Regionalnego Programu Operacyjnego Wojew\u00f3dztwa Lubelskiego na lata 2014-2020, Osi Priorytetowej 11 W\u0142\u0105czenie spo\u0142eczne, Dzia\u0142ania 11.1 Aktywne w\u0142\u0105czenie. Projekt jest wsp\u00f3\u0142finansowany ze \u015brodk\u00f3w UE &#8211; Europejskiego Funduszu Spo\u0142ecznego. Celem projektu&nbsp;jest wzrost [&hellip;]\" \/>\n<meta property=\"og:url\" content=\"https:\/\/www.mopskrasnystaw.pl\/?page_id=2200\" \/>\n<meta property=\"og:site_name\" content=\"MOPS Krasnystaw\" \/>\n<meta property=\"og:image\" content=\"https:\/\/www.mopskrasnystaw.pl\/wp-content\/uploads\/2021\/03\/logo_projekt.png\" \/>\n<meta name=\"twitter:card\" content=\"summary_large_image\" \/>\n<meta name=\"twitter:label1\" content=\"Szacowany czas czytania\" \/>\n\t<meta name=\"twitter:data1\" content=\"3 minuty\" \/>\n<script type=\"application\/ld+json\" class=\"yoast-schema-graph\">{\"@context\":\"https:\/\/schema.org\",\"@graph\":[{\"@type\":\"WebSite\",\"@id\":\"https:\/\/www.mopskrasnystaw.pl\/#website\",\"url\":\"https:\/\/www.mopskrasnystaw.pl\/\",\"name\":\"MOPS Krasnystaw\",\"description\":\"\",\"potentialAction\":[{\"@type\":\"SearchAction\",\"target\":{\"@type\":\"EntryPoint\",\"urlTemplate\":\"https:\/\/www.mopskrasnystaw.pl\/?s={search_term_string}\"},\"query-input\":\"required name=search_term_string\"}],\"inLanguage\":\"pl-PL\"},{\"@type\":\"ImageObject\",\"inLanguage\":\"pl-PL\",\"@id\":\"https:\/\/www.mopskrasnystaw.pl\/?page_id=2200#primaryimage\",\"url\":\"https:\/\/www.mopskrasnystaw.pl\/wp-content\/uploads\/2021\/03\/logo_projekt.png\",\"contentUrl\":\"https:\/\/www.mopskrasnystaw.pl\/wp-content\/uploads\/2021\/03\/logo_projekt.png\",\"width\":600,\"height\":74},{\"@type\":\"WebPage\",\"@id\":\"https:\/\/www.mopskrasnystaw.pl\/?page_id=2200#webpage\",\"url\":\"https:\/\/www.mopskrasnystaw.pl\/?page_id=2200\",\"name\":\"Projekt: Aktywno\u015b\u0107 pop\u0142aca - informacje - MOPS Krasnystaw\",\"isPartOf\":{\"@id\":\"https:\/\/www.mopskrasnystaw.pl\/#website\"},\"primaryImageOfPage\":{\"@id\":\"https:\/\/www.mopskrasnystaw.pl\/?page_id=2200#primaryimage\"},\"datePublished\":\"2021-03-03T13:40:09+00:00\",\"dateModified\":\"2021-03-03T13:40:09+00:00\",\"breadcrumb\":{\"@id\":\"https:\/\/www.mopskrasnystaw.pl\/?page_id=2200#breadcrumb\"},\"inLanguage\":\"pl-PL\",\"potentialAction\":[{\"@type\":\"ReadAction\",\"target\":[\"https:\/\/www.mopskrasnystaw.pl\/?page_id=2200\"]}]},{\"@type\":\"BreadcrumbList\",\"@id\":\"https:\/\/www.mopskrasnystaw.pl\/?page_id=2200#breadcrumb\",\"itemListElement\":[{\"@type\":\"ListItem\",\"position\":1,\"name\":\"Strona g\u0142\u00f3wna\",\"item\":\"https:\/\/www.mopskrasnystaw.pl\/\"},{\"@type\":\"ListItem\",\"position\":2,\"name\":\"Projekt: Aktywno\u015b\u0107 pop\u0142aca &#8211; informacje\"}]}]}<\/script>\n<!-- \/ Yoast SEO plugin. -->","yoast_head_json":{"title":"Projekt: Aktywno\u015b\u0107 pop\u0142aca - informacje - MOPS Krasnystaw","robots":{"index":"index","follow":"follow","max-snippet":"max-snippet:-1","max-image-preview":"max-image-preview:large","max-video-preview":"max-video-preview:-1"},"canonical":"https:\/\/www.mopskrasnystaw.pl\/?page_id=2200","og_locale":"pl_PL","og_type":"article","og_title":"Projekt: Aktywno\u015b\u0107 pop\u0142aca - informacje - MOPS Krasnystaw","og_description":"Miejski O\u015brodek Pomocy Spo\u0142ecznej w Krasnymstawie informuje, \u017ce realizuje projekt konkursowy&nbsp;&#8222;Aktywno\u015b\u0107 pop\u0142aca&#8221;, na podstawie umowy z Wojew\u00f3dzkim Urz\u0119dem Pracy pe\u0142ni\u0105cym rol\u0119 Instytucji Po\u015brednicz\u0105cej, w ramach Regionalnego Programu Operacyjnego Wojew\u00f3dztwa Lubelskiego na lata 2014-2020, Osi Priorytetowej 11 W\u0142\u0105czenie spo\u0142eczne, Dzia\u0142ania 11.1 Aktywne w\u0142\u0105czenie. Projekt jest wsp\u00f3\u0142finansowany ze \u015brodk\u00f3w UE &#8211; Europejskiego Funduszu Spo\u0142ecznego. Celem projektu&nbsp;jest wzrost [&hellip;]","og_url":"https:\/\/www.mopskrasnystaw.pl\/?page_id=2200","og_site_name":"MOPS Krasnystaw","og_image":[{"url":"https:\/\/www.mopskrasnystaw.pl\/wp-content\/uploads\/2021\/03\/logo_projekt.png"}],"twitter_card":"summary_large_image","twitter_misc":{"Szacowany czas czytania":"3 minuty"},"schema":{"@context":"https:\/\/schema.org","@graph":[{"@type":"WebSite","@id":"https:\/\/www.mopskrasnystaw.pl\/#website","url":"https:\/\/www.mopskrasnystaw.pl\/","name":"MOPS Krasnystaw","description":"","potentialAction":[{"@type":"SearchAction","target":{"@type":"EntryPoint","urlTemplate":"https:\/\/www.mopskrasnystaw.pl\/?s={search_term_string}"},"query-input":"required name=search_term_string"}],"inLanguage":"pl-PL"},{"@type":"ImageObject","inLanguage":"pl-PL","@id":"https:\/\/www.mopskrasnystaw.pl\/?page_id=2200#primaryimage","url":"https:\/\/www.mopskrasnystaw.pl\/wp-content\/uploads\/2021\/03\/logo_projekt.png","contentUrl":"https:\/\/www.mopskrasnystaw.pl\/wp-content\/uploads\/2021\/03\/logo_projekt.png","width":600,"height":74},{"@type":"WebPage","@id":"https:\/\/www.mopskrasnystaw.pl\/?page_id=2200#webpage","url":"https:\/\/www.mopskrasnystaw.pl\/?page_id=2200","name":"Projekt: Aktywno\u015b\u0107 pop\u0142aca - informacje - MOPS Krasnystaw","isPartOf":{"@id":"https:\/\/www.mopskrasnystaw.pl\/#website"},"primaryImageOfPage":{"@id":"https:\/\/www.mopskrasnystaw.pl\/?page_id=2200#primaryimage"},"datePublished":"2021-03-03T13:40:09+00:00","dateModified":"2021-03-03T13:40:09+00:00","breadcrumb":{"@id":"https:\/\/www.mopskrasnystaw.pl\/?page_id=2200#breadcrumb"},"inLanguage":"pl-PL","potentialAction":[{"@type":"ReadAction","target":["https:\/\/www.mopskrasnystaw.pl\/?page_id=2200"]}]},{"@type":"BreadcrumbList","@id":"https:\/\/www.mopskrasnystaw.pl\/?page_id=2200#breadcrumb","itemListElement":[{"@type":"ListItem","position":1,"name":"Strona g\u0142\u00f3wna","item":"https:\/\/www.mopskrasnystaw.pl\/"},{"@type":"ListItem","position":2,"name":"Projekt: Aktywno\u015b\u0107 pop\u0142aca &#8211; informacje"}]}]}},"_links":{"self":[{"href":"https:\/\/www.mopskrasnystaw.pl\/index.php?rest_route=\/wp\/v2\/pages\/2200"}],"collection":[{"href":"https:\/\/www.mopskrasnystaw.pl\/index.php?rest_route=\/wp\/v2\/pages"}],"about":[{"href":"https:\/\/www.mopskrasnystaw.pl\/index.php?rest_route=\/wp\/v2\/types\/page"}],"author":[{"embeddable":true,"href":"https:\/\/www.mopskrasnystaw.pl\/index.php?rest_route=\/wp\/v2\/users\/1"}],"replies":[{"embeddable":true,"href":"https:\/\/www.mopskrasnystaw.pl\/index.php?rest_route=%2Fwp%2Fv2%2Fcomments&post=2200"}],"version-history":[{"count":0,"href":"https:\/\/www.mopskrasnystaw.pl\/index.php?rest_route=\/wp\/v2\/pages\/2200\/revisions"}],"wp:attachment":[{"href":"https:\/\/www.mopskrasnystaw.pl\/index.php?rest_route=%2Fwp%2Fv2%2Fmedia&parent=2200"}],"curies":[{"name":"wp","href":"https:\/\/api.w.org\/{rel}","templated":true}]}}