{"id":2183,"date":"2021-03-03T13:32:20","date_gmt":"2021-03-03T13:32:20","guid":{"rendered":"http:\/\/www.mopskrasnystaw.pl\/?page_id=2183"},"modified":"2023-12-05T09:13:57","modified_gmt":"2023-12-05T09:13:57","slug":"asystent-osobisty-osoby-niepelnosprawnej","status":"publish","type":"page","link":"https:\/\/www.mopskrasnystaw.pl\/?page_id=2183","title":{"rendered":"Asystent osobisty osoby niepe\u0142nosprawnej 2023"},"content":{"rendered":"\n<figure class=\"wp-block-image size-full\"><img loading=\"lazy\" width=\"989\" height=\"188\" src=\"https:\/\/www.mopskrasnystaw.pl\/wp-content\/uploads\/2023\/11\/flaga.png\" alt=\"\" class=\"wp-image-4552\" srcset=\"https:\/\/www.mopskrasnystaw.pl\/wp-content\/uploads\/2023\/11\/flaga.png 989w, https:\/\/www.mopskrasnystaw.pl\/wp-content\/uploads\/2023\/11\/flaga-300x57.png 300w, https:\/\/www.mopskrasnystaw.pl\/wp-content\/uploads\/2023\/11\/flaga-768x146.png 768w\" sizes=\"(max-width: 989px) 100vw, 989px\" \/><\/figure>\n\n\n\n<p><strong>Miejski O\u015brodek Pomocy Spo\u0142ecznej w Krasnymstawie informuje, \u017ce w dniu 16.08.2023 r. Minister Rodziny i Polityki Spo\u0142ecznej og\u0142osi\u0142 nab\u00f3r wniosk\u00f3w na realizacj\u0119 Programu pn. \u201eAsystent osobisty osoby z&nbsp;niepe\u0142nosprawno\u015bci\u0105\u201d dla Jednostek Samorz\u0105du Terytorialnego \u2212 edycja 2024 finansowanego ze \u015brodk\u00f3w Funduszu Solidarno\u015bciowego.<\/strong><\/p>\n\n\n\n<p>Na realizacj\u0119 Programu Minister przeznaczy\u0142 kwot\u0119 505&nbsp;000&nbsp;000,00 z\u0142 (s\u0142ownie: pi\u0119\u0107set pi\u0119\u0107 milion\u00f3w z\u0142otych, 00\/100).<\/p>\n\n\n\n<p><br>G\u0142\u00f3wnym celem Programu jest wprowadzenie us\u0142ug asystencji osobistej jako formy&nbsp; og\u00f3lnodost\u0119pnego wsparcia w wykonywaniu codziennych czynno\u015bci oraz funkcjonowaniu w&nbsp;\u017cyciu spo\u0142ecznym.<\/p>\n\n\n\n<p><strong>Adresatami Programu s\u0105:<\/strong><\/p>\n\n\n\n<ul><li>dzieci do&nbsp;uko\u0144czenia 16.&nbsp;roku \u017cycia posiadaj\u0105ce orzeczenie o niepe\u0142nosprawno\u015bci \u0142\u0105cznie ze wskazaniami w pkt 7 i 8 w orzeczeniu o niepe\u0142nosprawno\u015bci \u2013 konieczno\u015bci sta\u0142ej lub d\u0142ugotrwa\u0142ej opieki lub pomocy innej osoby w zwi\u0105zku ze znacznie ograniczon\u0105 mo\u017cliwo\u015bci\u0105 samodzielnej egzystencji oraz konieczno\u015bci sta\u0142ego wsp\u00f3\u0142udzia\u0142u na co dzie\u0144 opiekuna dziecka w procesie jego leczenia, rehabilitacji i edukacji oraz<\/li><li>osoby z niepe\u0142nosprawno\u015bciami posiadaj\u0105ce orzeczenie:<br>a) o znacznym stopniu niepe\u0142nosprawno\u015bci albo<br>b) o umiarkowanym stopniu niepe\u0142nosprawno\u015bci albo<br>c) traktowane na r\u00f3wni z orzeczeniami wymienionymi w lit. a i b zgodnie z art. 5 i art. 62 ustawy z dnia 27 sierpnia 1997 r. o rehabilitacji zawodowej i spo\u0142ecznej oraz zatrudnianiu os\u00f3b niepe\u0142nosprawnych.<\/li><\/ul>\n\n\n\n<p><strong>Us\u0142ugi asystencji osobistej polegaj\u0105 w szczeg\u00f3lno\u015bci na wspieraniu przez asystenta osoby z niepe\u0142nosprawno\u015bci\u0105 we wszystkich sferach \u017cycia, w tym:<\/strong><\/p>\n\n\n\n<ol type=\"1\"><li>wsparciu uczestnika w czynno\u015bciach samoobs\u0142ugowych, w tym utrzymaniu higieny osobistej;<\/li><li>wsparcie uczestnika w prowadzeniu gospodarstwa domowego i wype\u0142nianiu<br>r\u00f3l w rodzinie;<\/li><li>wsparciu uczestnika w przemieszczaniu si\u0119 poza miejscem zamieszkania;<\/li><li>wsparciu uczestnika w podejmowaniu aktywno\u015bci \u017cyciowej i komunikowaniu<br>si\u0119 z otoczeniem.<\/li><\/ol>\n\n\n\n<p><strong>Terminy naboru wniosk\u00f3w<\/strong><\/p>\n\n\n\n<ol type=\"1\"><li>Gmina\/powiat, wyst\u0119puj\u0105c o \u015brodki finansowe w ramach Programu jest zobowi\u0105zana z\u0142o\u017cy\u0107 do&nbsp;wojewody za po\u015brednictwem Generatora Funduszu Solidarno\u015bciowego (dost\u0119pnego na stronie internetowej:&nbsp;<strong>mrips.gov.pl<\/strong>) wniosek wraz z wymagalnymi za\u0142\u0105cznikami oraz o\u015bwiadczenie o z\u0142o\u017ceniu wniosku w&nbsp;Generatorze Funduszu Solidarno\u015bciowego&nbsp;<strong>w&nbsp;terminie do dnia 15 wrze\u015bnia 2023 r.<\/strong>&nbsp;<\/li><li>Wojewoda, po weryfikacji wniosk\u00f3w z\u0142o\u017conych przez gminy\/powiaty, sporz\u0105dza list\u0119 rekomendowanych wniosk\u00f3w do finansowania w ramach Programu i przekazuje<br>j\u0105 do Ministra wraz z informacj\u0105 wojewody dotycz\u0105c\u0105 \u015brodk\u00f3w finansowych<br>z Programu&nbsp;<strong>w&nbsp;terminie do dnia 6 pa\u017adziernika 2023 r.<\/strong><\/li><li>Minister zatwierdza zbiorcz\u0105 list\u0119 rekomendowanych wniosk\u00f3w w terminie 30 dni od&nbsp;dni przekazania Ministrowi wszystkich list rekomendowanych wniosk\u00f3w wojewod\u00f3w.<\/li><\/ol>\n\n\n\n<p>Tre\u015b\u0107 Og\u0142oszenia o naborze oraz Programu wraz z za\u0142\u0105cznikami dost\u0119pna jest na stronie Pe\u0142nomocnika Rz\u0105du ds. Os\u00f3b Niepe\u0142nosprawnych pod adresem:<a href=\"https:\/\/niepelnosprawni.gov.pl\/a,1478,nabor-wnioskow-w-ramach-programu-resortowego-ministra-rodziny-i-polityki-spolecznej-asystent-osobisty-osoby-z-niepelnosprawnoscia-dla-jednostek-samorzadu-terytorialnego-edycja-2024\">https:\/\/niepelnosprawni.gov.pl\/a,1478,nabor-wnioskow-w-ramach-programu-resortowego-ministra-rodziny-i-polityki-spolecznej-asystent-osobisty-osoby-z-niepelnosprawnoscia-dla-jednostek-samorzadu-terytorialnego-edycja-2024<\/a><\/p>\n\n\n\n<p>W zwi\u0105zku z zaakceptowaniem przez Ministra Rodziny i Polityki Spo\u0142ecznej zaktualizowanej listy rekomendowanych wniosk\u00f3w w ramach programu <strong>\u201eAsystent osobisty osoby niepe\u0142nosprawnej\u201d<\/strong> \u2013 edycja 2023 finansowanego z Funduszu Solidarno\u015bciowego \u2013 pa\u0144stwowego funduszu celowego, Miasto Krasnystaw informuje, \u017ce otrzyma\u0142o \u015brodki na realizacj\u0119 Programu \u201eAsystent osobisty osoby niepe\u0142nosprawnej\u201d edycja 2023<br>w wysoko\u015bci:<\/p>\n\n\n\n<p>Kwota dofinansowania:&nbsp; <strong>2&nbsp;235 477,00 z\u0142.<\/strong><\/p>\n\n\n\n<p>Ca\u0142kowita warto\u015b\u0107: &nbsp;<strong>2&nbsp;235 477,00 z\u0142.<\/strong><\/p>\n\n\n\n<p>Program trwa <strong>od 01.01.2023 r. do 31.12.2023 r<\/strong>.<\/p>\n\n\n\n<p>G\u0142\u00f3wnym celem Programu jest wprowadzenie us\u0142ug asystenta osobistego osoby niepe\u0142nosprawnej jako formy og\u00f3lnodost\u0119pnego wsparcia<br>dla uczestnik\u00f3w Programu:<\/p>\n\n\n\n<ol type=\"1\"><li>dzieci do 16. roku \u017cycia z orzeczeniem o niepe\u0142nosprawno\u015bci \u0142\u0105cznie ze wskazaniami: konieczno\u015bci sta\u0142ej lub d\u0142ugotrwa\u0142ej opieki<br>lub pomocy innej osoby w zwi\u0105zku ze znacznie ograniczon\u0105 mo\u017cliwo\u015bci\u0105 samodzielnej egzystencji oraz konieczno\u015bci sta\u0142ego wsp\u00f3\u0142udzia\u0142u na co dzie\u0144 opiekuna dziecka w procesie jego leczenia, rehabilitacji i edukacjioraz<\/li><li>osoby niepe\u0142nosprawne posiadaj\u0105ce orzeczenie:<\/li><li>o znacznym stopniu niepe\u0142nosprawno\u015bci albo<\/li><li>o umiarkowanym stopniu niepe\u0142nosprawno\u015bci albo<\/li><li>traktowane na r\u00f3wni z orzeczeniami wymienionymi w lit. a i b, zgodnie z art. 5 i art. 62 ustawy z dnia 27 sierpnia 1997 r.<br>o rehabilitacji zawodowej i spo\u0142ecznej oraz zatrudnianiu os\u00f3b niepe\u0142nosprawnych (Dz. U. z 2021 r. poz. 573, z p\u00f3\u017an. zm.).<\/li><\/ol>\n\n\n\n<p>Program ma tak\u017ce zapewnia\u0107:<\/p>\n\n\n\n<ol type=\"1\"><li>popraw\u0119 jako\u015bci \u017cycia os\u00f3b niepe\u0142noprawnych,<br>w szczeg\u00f3lno\u015bci poprzez umo\u017cliwienie im jak najbardziej niezale\u017cnego \u017cycia;<\/li><li>wsparcie osobom niepe\u0142nosprawnym oraz pomoc adekwatn\u0105 do&nbsp;potrzeb;<\/li><li>uczestnictwo os\u00f3b niepe\u0142nosprawnych w wydarzeniach spo\u0142ecznych, kulturalnych, rozrywkowych lub sportowych itp.;<\/li><li>dofinansowanie jednostek samorz\u0105du terytorialnego<br>w ramach realizowanych zada\u0144 maj\u0105cych na celu wsparcie spo\u0142eczne os\u00f3b niepe\u0142nosprawnych;<\/li><li>zwi\u0119kszenie wsparcia asystenckiego dla niepe\u0142nosprawnych uczni\u00f3w ze specjalnymi potrzebami edukacyjnymi, tak\u017ce<br>w innych wymiarach \u017cycia i funkcjonowania spo\u0142ecznego.<\/li><\/ol>\n\n\n\n<p>W zwi\u0105zku z powy\u017cszym <strong>Miejski O\u015brodek Pomocy Spo\u0142ecznej<br>w Krasnymstawie<\/strong> informuje, \u017ce mo\u017cna zg\u0142asza\u0107 osoby, kt\u00f3re wymagaj\u0105 zapewnienia takiego wsparcia w ramach Programu.<\/p>\n\n\n\n<p>Uczestnik Programu za us\u0142ugi nie ponosi odp\u0142atno\u015bci.<\/p>\n\n\n\n<p>Kart\u0119 zg\u0142oszenia do Programu mo\u017cna sk\u0142ada\u0107 do Miejskiego O\u015brodka Pomocy Spo\u0142ecznej w Krasnymstawie ul. Pi\u0142sudskiego 9<\/p>\n\n\n\n<p>W przypadku wi\u0119kszej liczby os\u00f3b zainteresowanych zostanie ustalona lista rezerwowa.<\/p>\n\n\n\n<p>Szczeg\u00f3\u0142owe informacje dotycz\u0105ce Programu mo\u017cna uzyska\u0107 pod numerem telefonu 82&nbsp;576 23 24 wew. 107<\/p>\n\n\n\n<p>Wi\u0119cej informacji:<br><a href=\"https:\/\/www.gov.pl\/web\/rodzina\/ogloszenie-o-naborze-wnioskow-w-ramach-programu-resortowego-ministra-rodziny-i-polityki-spolecznej-asystent-osobisty-osoby-niepelnosprawnej---edycja-2023\">https:\/\/www.gov.pl\/web\/rodzina\/ogloszenie-o-naborze-wnioskow-w-ramach-programu-resortowego-ministra-rodziny-i-polityki-spolecznej-asystent-osobisty-osoby-niepelnosprawnej&#8212;edycja-2023<\/a><\/p>\n\n\n\n<p>Za\u0142\u0105czniki:<\/p>\n\n\n\n<div class=\"wp-block-file\"><a id=\"wp-block-file--media-26d67d1f-b5b1-4f27-9775-f4c8ebfac74a\" href=\"https:\/\/www.mopskrasnystaw.pl\/wp-content\/uploads\/2023\/07\/Karta_zgloszenia-2.docx\">Karta_zg\u0142oszenia<\/a><\/div>\n\n\n\n<div class=\"wp-block-file\"><a id=\"wp-block-file--media-22395aa5-90ed-4157-a235-7dcf337c3859\" href=\"https:\/\/www.mopskrasnystaw.pl\/wp-content\/uploads\/2023\/07\/Klauzula_informacyjna-1.docx\">Klauzula_informacyjna<\/a><\/div>\n\n\n\n<div class=\"wp-block-file\"><a id=\"wp-block-file--media-e58d79f4-1071-4b34-a311-134bafd1d446\" href=\"https:\/\/www.mopskrasnystaw.pl\/wp-content\/uploads\/2023\/07\/Oswiadczenia_2023.docx\">O\u015bwiadczenia<\/a><\/div>\n\n\n\n<div class=\"wp-block-file\"><a id=\"wp-block-file--media-31614d97-a3c2-464b-ac30-f1fd47ffd574\" href=\"https:\/\/www.mopskrasnystaw.pl\/wp-content\/uploads\/2023\/07\/PROGRAM_AOON_JST_EDYCJA_2023.docx\">PROGRAM_AOON_JST_EDYCJA_2023<\/a><\/div>\n\n\n\n<div class=\"wp-block-file\"><a id=\"wp-block-file--media-e0e86ffa-9923-4407-80d1-f6f30e22a054\" href=\"https:\/\/www.mopskrasnystaw.pl\/wp-content\/uploads\/2023\/07\/Zakres_czynnosci.docx\">Zakres_czynno\u015bci<\/a><\/div>\n","protected":false},"excerpt":{"rendered":"<p>Miejski O\u015brodek Pomocy Spo\u0142ecznej w Krasnymstawie informuje, \u017ce w dniu 16.08.2023 r. Minister Rodziny i Polityki Spo\u0142ecznej og\u0142osi\u0142 nab\u00f3r wniosk\u00f3w na realizacj\u0119 Programu pn. \u201eAsystent osobisty osoby z&nbsp;niepe\u0142nosprawno\u015bci\u0105\u201d dla Jednostek Samorz\u0105du Terytorialnego \u2212 edycja 2024 finansowanego ze \u015brodk\u00f3w Funduszu Solidarno\u015bciowego. Na realizacj\u0119 Programu Minister przeznaczy\u0142 kwot\u0119 505&nbsp;000&nbsp;000,00 z\u0142 (s\u0142ownie: pi\u0119\u0107set pi\u0119\u0107 milion\u00f3w z\u0142otych, 00\/100). G\u0142\u00f3wnym [&hellip;]<\/p>\n","protected":false},"author":1,"featured_media":0,"parent":0,"menu_order":0,"comment_status":"closed","ping_status":"closed","template":"","meta":[],"yoast_head":"<!-- This site is optimized with the Yoast SEO plugin v19.0 - https:\/\/yoast.com\/wordpress\/plugins\/seo\/ -->\n<title>Asystent osobisty osoby niepe\u0142nosprawnej 2023 - MOPS Krasnystaw<\/title>\n<meta name=\"robots\" content=\"index, follow, max-snippet:-1, max-image-preview:large, max-video-preview:-1\" \/>\n<link rel=\"canonical\" href=\"https:\/\/www.mopskrasnystaw.pl\/?page_id=2183\" \/>\n<meta property=\"og:locale\" content=\"pl_PL\" \/>\n<meta property=\"og:type\" content=\"article\" \/>\n<meta property=\"og:title\" content=\"Asystent osobisty osoby niepe\u0142nosprawnej 2023 - MOPS Krasnystaw\" \/>\n<meta property=\"og:description\" content=\"Miejski O\u015brodek Pomocy Spo\u0142ecznej w Krasnymstawie informuje, \u017ce w dniu 16.08.2023 r. Minister Rodziny i Polityki Spo\u0142ecznej og\u0142osi\u0142 nab\u00f3r wniosk\u00f3w na realizacj\u0119 Programu pn. \u201eAsystent osobisty osoby z&nbsp;niepe\u0142nosprawno\u015bci\u0105\u201d dla Jednostek Samorz\u0105du Terytorialnego \u2212 edycja 2024 finansowanego ze \u015brodk\u00f3w Funduszu Solidarno\u015bciowego. Na realizacj\u0119 Programu Minister przeznaczy\u0142 kwot\u0119 505&nbsp;000&nbsp;000,00 z\u0142 (s\u0142ownie: pi\u0119\u0107set pi\u0119\u0107 milion\u00f3w z\u0142otych, 00\/100). G\u0142\u00f3wnym [&hellip;]\" \/>\n<meta property=\"og:url\" content=\"https:\/\/www.mopskrasnystaw.pl\/?page_id=2183\" \/>\n<meta property=\"og:site_name\" content=\"MOPS Krasnystaw\" \/>\n<meta property=\"article:modified_time\" content=\"2023-12-05T09:13:57+00:00\" \/>\n<meta property=\"og:image\" content=\"https:\/\/www.mopskrasnystaw.pl\/wp-content\/uploads\/2023\/11\/flaga.png\" \/>\n<meta name=\"twitter:card\" content=\"summary_large_image\" \/>\n<meta name=\"twitter:label1\" content=\"Szacowany czas czytania\" \/>\n\t<meta name=\"twitter:data1\" content=\"5 minut\" \/>\n<script type=\"application\/ld+json\" class=\"yoast-schema-graph\">{\"@context\":\"https:\/\/schema.org\",\"@graph\":[{\"@type\":\"WebSite\",\"@id\":\"https:\/\/www.mopskrasnystaw.pl\/#website\",\"url\":\"https:\/\/www.mopskrasnystaw.pl\/\",\"name\":\"MOPS Krasnystaw\",\"description\":\"\",\"potentialAction\":[{\"@type\":\"SearchAction\",\"target\":{\"@type\":\"EntryPoint\",\"urlTemplate\":\"https:\/\/www.mopskrasnystaw.pl\/?s={search_term_string}\"},\"query-input\":\"required name=search_term_string\"}],\"inLanguage\":\"pl-PL\"},{\"@type\":\"ImageObject\",\"inLanguage\":\"pl-PL\",\"@id\":\"https:\/\/www.mopskrasnystaw.pl\/?page_id=2183#primaryimage\",\"url\":\"https:\/\/www.mopskrasnystaw.pl\/wp-content\/uploads\/2023\/11\/flaga.png\",\"contentUrl\":\"https:\/\/www.mopskrasnystaw.pl\/wp-content\/uploads\/2023\/11\/flaga.png\",\"width\":989,\"height\":188},{\"@type\":\"WebPage\",\"@id\":\"https:\/\/www.mopskrasnystaw.pl\/?page_id=2183#webpage\",\"url\":\"https:\/\/www.mopskrasnystaw.pl\/?page_id=2183\",\"name\":\"Asystent osobisty osoby niepe\u0142nosprawnej 2023 - MOPS Krasnystaw\",\"isPartOf\":{\"@id\":\"https:\/\/www.mopskrasnystaw.pl\/#website\"},\"primaryImageOfPage\":{\"@id\":\"https:\/\/www.mopskrasnystaw.pl\/?page_id=2183#primaryimage\"},\"datePublished\":\"2021-03-03T13:32:20+00:00\",\"dateModified\":\"2023-12-05T09:13:57+00:00\",\"breadcrumb\":{\"@id\":\"https:\/\/www.mopskrasnystaw.pl\/?page_id=2183#breadcrumb\"},\"inLanguage\":\"pl-PL\",\"potentialAction\":[{\"@type\":\"ReadAction\",\"target\":[\"https:\/\/www.mopskrasnystaw.pl\/?page_id=2183\"]}]},{\"@type\":\"BreadcrumbList\",\"@id\":\"https:\/\/www.mopskrasnystaw.pl\/?page_id=2183#breadcrumb\",\"itemListElement\":[{\"@type\":\"ListItem\",\"position\":1,\"name\":\"Strona g\u0142\u00f3wna\",\"item\":\"https:\/\/www.mopskrasnystaw.pl\/\"},{\"@type\":\"ListItem\",\"position\":2,\"name\":\"Asystent osobisty osoby niepe\u0142nosprawnej 2023\"}]}]}<\/script>\n<!-- \/ Yoast SEO plugin. -->","yoast_head_json":{"title":"Asystent osobisty osoby niepe\u0142nosprawnej 2023 - MOPS Krasnystaw","robots":{"index":"index","follow":"follow","max-snippet":"max-snippet:-1","max-image-preview":"max-image-preview:large","max-video-preview":"max-video-preview:-1"},"canonical":"https:\/\/www.mopskrasnystaw.pl\/?page_id=2183","og_locale":"pl_PL","og_type":"article","og_title":"Asystent osobisty osoby niepe\u0142nosprawnej 2023 - MOPS Krasnystaw","og_description":"Miejski O\u015brodek Pomocy Spo\u0142ecznej w Krasnymstawie informuje, \u017ce w dniu 16.08.2023 r. Minister Rodziny i Polityki Spo\u0142ecznej og\u0142osi\u0142 nab\u00f3r wniosk\u00f3w na realizacj\u0119 Programu pn. \u201eAsystent osobisty osoby z&nbsp;niepe\u0142nosprawno\u015bci\u0105\u201d dla Jednostek Samorz\u0105du Terytorialnego \u2212 edycja 2024 finansowanego ze \u015brodk\u00f3w Funduszu Solidarno\u015bciowego. Na realizacj\u0119 Programu Minister przeznaczy\u0142 kwot\u0119 505&nbsp;000&nbsp;000,00 z\u0142 (s\u0142ownie: pi\u0119\u0107set pi\u0119\u0107 milion\u00f3w z\u0142otych, 00\/100). G\u0142\u00f3wnym [&hellip;]","og_url":"https:\/\/www.mopskrasnystaw.pl\/?page_id=2183","og_site_name":"MOPS Krasnystaw","article_modified_time":"2023-12-05T09:13:57+00:00","og_image":[{"url":"https:\/\/www.mopskrasnystaw.pl\/wp-content\/uploads\/2023\/11\/flaga.png"}],"twitter_card":"summary_large_image","twitter_misc":{"Szacowany czas czytania":"5 minut"},"schema":{"@context":"https:\/\/schema.org","@graph":[{"@type":"WebSite","@id":"https:\/\/www.mopskrasnystaw.pl\/#website","url":"https:\/\/www.mopskrasnystaw.pl\/","name":"MOPS Krasnystaw","description":"","potentialAction":[{"@type":"SearchAction","target":{"@type":"EntryPoint","urlTemplate":"https:\/\/www.mopskrasnystaw.pl\/?s={search_term_string}"},"query-input":"required name=search_term_string"}],"inLanguage":"pl-PL"},{"@type":"ImageObject","inLanguage":"pl-PL","@id":"https:\/\/www.mopskrasnystaw.pl\/?page_id=2183#primaryimage","url":"https:\/\/www.mopskrasnystaw.pl\/wp-content\/uploads\/2023\/11\/flaga.png","contentUrl":"https:\/\/www.mopskrasnystaw.pl\/wp-content\/uploads\/2023\/11\/flaga.png","width":989,"height":188},{"@type":"WebPage","@id":"https:\/\/www.mopskrasnystaw.pl\/?page_id=2183#webpage","url":"https:\/\/www.mopskrasnystaw.pl\/?page_id=2183","name":"Asystent osobisty osoby niepe\u0142nosprawnej 2023 - MOPS Krasnystaw","isPartOf":{"@id":"https:\/\/www.mopskrasnystaw.pl\/#website"},"primaryImageOfPage":{"@id":"https:\/\/www.mopskrasnystaw.pl\/?page_id=2183#primaryimage"},"datePublished":"2021-03-03T13:32:20+00:00","dateModified":"2023-12-05T09:13:57+00:00","breadcrumb":{"@id":"https:\/\/www.mopskrasnystaw.pl\/?page_id=2183#breadcrumb"},"inLanguage":"pl-PL","potentialAction":[{"@type":"ReadAction","target":["https:\/\/www.mopskrasnystaw.pl\/?page_id=2183"]}]},{"@type":"BreadcrumbList","@id":"https:\/\/www.mopskrasnystaw.pl\/?page_id=2183#breadcrumb","itemListElement":[{"@type":"ListItem","position":1,"name":"Strona g\u0142\u00f3wna","item":"https:\/\/www.mopskrasnystaw.pl\/"},{"@type":"ListItem","position":2,"name":"Asystent osobisty osoby niepe\u0142nosprawnej 2023"}]}]}},"_links":{"self":[{"href":"https:\/\/www.mopskrasnystaw.pl\/index.php?rest_route=\/wp\/v2\/pages\/2183"}],"collection":[{"href":"https:\/\/www.mopskrasnystaw.pl\/index.php?rest_route=\/wp\/v2\/pages"}],"about":[{"href":"https:\/\/www.mopskrasnystaw.pl\/index.php?rest_route=\/wp\/v2\/types\/page"}],"author":[{"embeddable":true,"href":"https:\/\/www.mopskrasnystaw.pl\/index.php?rest_route=\/wp\/v2\/users\/1"}],"replies":[{"embeddable":true,"href":"https:\/\/www.mopskrasnystaw.pl\/index.php?rest_route=%2Fwp%2Fv2%2Fcomments&post=2183"}],"version-history":[{"count":7,"href":"https:\/\/www.mopskrasnystaw.pl\/index.php?rest_route=\/wp\/v2\/pages\/2183\/revisions"}],"predecessor-version":[{"id":4575,"href":"https:\/\/www.mopskrasnystaw.pl\/index.php?rest_route=\/wp\/v2\/pages\/2183\/revisions\/4575"}],"wp:attachment":[{"href":"https:\/\/www.mopskrasnystaw.pl\/index.php?rest_route=%2Fwp%2Fv2%2Fmedia&parent=2183"}],"curies":[{"name":"wp","href":"https:\/\/api.w.org\/{rel}","templated":true}]}}